{"id":129,"date":"2024-01-31T13:04:04","date_gmt":"2024-01-31T13:04:04","guid":{"rendered":"https:\/\/www.tomascohen.info\/poetry-copy\/"},"modified":"2024-02-26T21:52:44","modified_gmt":"2024-02-26T21:52:44","slug":"press","status":"publish","type":"page","link":"https:\/\/www.tomascohen.info\/en\/press\/","title":{"rendered":"Press"},"content":{"rendered":"","protected":false},"excerpt":{"rendered":"","protected":false},"author":1,"featured_media":0,"parent":0,"menu_order":4,"comment_status":"closed","ping_status":"closed","template":"","meta":[],"class_list":["post-129","page","type-page","status-publish","hentry"],"aioseo_notices":[],"grid":"{\r\n  \"colCount\": 12,\r\n  \"colGutter\": 1,\r\n  \"rowGutters\": [\r\n    5,\r\n    5,\r\n    0,\r\n    0,\r\n    2,\r\n    0,\r\n    0,\r\n    2,\r\n    0,\r\n    0,\r\n    2,\r\n    0,\r\n    0,\r\n    2,\r\n    0,\r\n    0\r\n  ],\r\n  \"frameMargin\": 5,\r\n  \"leftFrameMargin\": 5,\r\n  \"rightFrameMargin\": 5,\r\n  \"topFrameMargin\": 40,\r\n  \"bottomFrameMargin\": 5,\r\n  \"rowAttrs\": [\r\n    {\r\n      \"relid\": 2\r\n    },\r\n    {\r\n      \"relid\": 4\r\n    },\r\n    {\r\n      \"relid\": 11\r\n    },\r\n    {\r\n      \"collapse\": true,\r\n      \"relid\": 19\r\n    },\r\n    {\r\n      \"collapse\": true,\r\n      \"relid\": 8\r\n    },\r\n    {\r\n      \"collapse\": false,\r\n      \"relid\": 10\r\n    },\r\n    {\r\n      \"collapse\": true,\r\n      \"relid\": 21\r\n    },\r\n    {\r\n      \"collapse\": true,\r\n      \"relid\": 12\r\n    },\r\n    {\r\n      \"relid\": 24\r\n    },\r\n    {\r\n      \"collapse\": true,\r\n      \"relid\": 30\r\n    },\r\n    {\r\n      \"collapse\": true,\r\n      \"relid\": 26\r\n    },\r\n    {\r\n      \"relid\": 36\r\n    },\r\n    {\r\n      \"collapse\": true,\r\n      \"relid\": 35\r\n    },\r\n    {\r\n      \"collapse\": true,\r\n      \"relid\": 33\r\n    },\r\n    {\r\n      \"relid\": 14\r\n    },\r\n    {\r\n      \"collapse\": true,\r\n      \"relid\": 28\r\n    },\r\n    {\r\n      \"collapse\": true,\r\n      \"relid\": 38\r\n    }\r\n  ],\r\n  \"bgColor\": \"#f9f9f9\",\r\n  \"bgImage\": null,\r\n  \"cont\": [\r\n    {\r\n      \"type\": \"text\",\r\n      \"cont\": \"<h1 class=\\\"_MENU\\\"><span style=\\\"color: #d9d9d9;\\\"><a style=\\\"color: #d9d9d9;\\\" href=\\\"https:\/\/www.tomascohen.info\/poetry\/\\\" data-id=\\\"40\\\" data-title=\\\"Poetry\\\" data-type=\\\"page\\\">Poetry<\/a>,<\/span> <span style=\\\"color: #d9d9d9;\\\"><a style=\\\"color: #d9d9d9;\\\" href=\\\"https:\/\/www.tomascohen.info\/artisticdirection\/\\\" data-id=\\\"33\\\" data-title=\\\"Artistic Direction\\\" data-type=\\\"page\\\">artistic direction<\/a>, <a style=\\\"color: #d9d9d9;\\\" href=\\\"https:\/\/www.tomascohen.info\/poetry-copy\/\\\" data-id=\\\"48\\\" data-title=\\\"Interviews\\\" data-type=\\\"page\\\">painting and drawing<\/a>, <a style=\\\"color: #d9d9d9;\\\" href=\\\"https:\/\/www.tomascohen.info\/translation\/\\\" data-id=\\\"49\\\" data-title=\\\"Translation\\\" data-type=\\\"page\\\">translation<\/a>, <a style=\\\"color: #d9d9d9;\\\" href=\\\"https:\/\/www.tomascohen.info\/poetry-and-music\/\\\" data-id=\\\"50\\\" data-title=\\\"Poetry and music\\\" data-type=\\\"page\\\">publications<\/a>, <span style=\\\"color: #000000;\\\"><a style=\\\"color: #000000;\\\" href=\\\"https:\/\/www.tomascohen.info\/press\/\\\" data-id=\\\"73\\\" data-title=\\\"press\\\" data-type=\\\"page\\\">press<\/a>,<\/span> <a style=\\\"color: #d9d9d9;\\\" href=\\\"https:\/\/www.tomascohen.info\/bio\/\\\" data-id=\\\"51\\\" data-title=\\\"Bio\\\" data-type=\\\"page\\\">bio<\/a>.<\/span><\/h1>\",\r\n      \"align\": \"top\",\r\n      \"row\": 0,\r\n      \"col\": 0,\r\n      \"colspan\": 11,\r\n      \"offsetx\": 0,\r\n      \"offsety\": 0,\r\n      \"spaceabove\": 0,\r\n      \"spacebelow\": 0,\r\n      \"yvel\": 1,\r\n      \"push\": 0,\r\n      \"relid\": 5,\r\n      \"absolute_position\": false,\r\n      \"stickytop\": \"111\"\r\n    },\r\n    {\r\n      \"type\": \"text\",\r\n      \"cont\": \"<p><span style=\\\"font-weight: 400; font-family: Switzer-Italic;\\\">Here you can read reviews of my books and interviews published in print and online media.<\/span><\/p>\",\r\n      \"align\": \"top\",\r\n      \"row\": 1,\r\n      \"col\": 0,\r\n      \"colspan\": 10,\r\n      \"offsetx\": 0,\r\n      \"offsety\": 0,\r\n      \"spaceabove\": 0,\r\n      \"spacebelow\": 0,\r\n      \"yvel\": 1,\r\n      \"push\": 0,\r\n      \"relid\": 43,\r\n      \"absolute_position\": false\r\n    },\r\n    {\r\n      \"type\": \"text\",\r\n      \"cont\": \"<h1 class=\\\"_H1\\\"><span style=\\\"font-family: Rowan-Italic;\\\"><span style=\\\"color: #000000;\\\"><span style=\\\"font-weight: 400;\\\"><span style=\\\"font-family: Rowan-Regular;\\\">Reviews of<\/span> <\/span><i><span style=\\\"font-weight: 400;\\\">Eine Sternwarte im Badezimmer<\/span><\/i><span style=\\\"font-weight: 400;\\\"><span style=\\\"font-family: Rowan-Regular;\\\"> (Elif Verlag, 2023)<\/span>\u00a0<\/span><span style=\\\"font-weight: 400;\\\"><br \/><\/span><\/span> <\/span><\/h1>\",\r\n      \"align\": \"top\",\r\n      \"row\": 2,\r\n      \"col\": 0,\r\n      \"colspan\": 11,\r\n      \"offsetx\": 0,\r\n      \"offsety\": 0,\r\n      \"spaceabove\": 0,\r\n      \"spacebelow\": 0,\r\n      \"yvel\": 1,\r\n      \"push\": 0,\r\n      \"relid\": 6,\r\n      \"absolute_position\": false\r\n    },\r\n    {\r\n      \"type\": \"text\",\r\n      \"cont\": \"<p style=\\\"text-align: right; line-height: 1;\\\"><span style=\\\"font-size: 43px; font-family: Rowan-Medium; color: #000000;\\\"><a style=\\\"color: #000000;\\\" href=\\\"#expandrow\\\" data-expand=\\\"19,8,3\\\" data-animation=\\\"400\\\" data-animationtiming=\\\"cubic-bezier(0.17,0.84,0.44,1)\\\" data-collapseotherrows=\\\"false\\\" data-scrolltoexpandedrow=\\\"true\\\" data-replacementtext=\\\"-\\\">+<\/a><\/span><\/p>\",\r\n      \"align\": \"middle\",\r\n      \"row\": 2,\r\n      \"col\": 11,\r\n      \"colspan\": 1,\r\n      \"offsetx\": 0,\r\n      \"offsety\": 0,\r\n      \"spaceabove\": 0,\r\n      \"spacebelow\": 0,\r\n      \"yvel\": 1,\r\n      \"push\": 0,\r\n      \"relid\": 1,\r\n      \"absolute_position\": false\r\n    },\r\n    {\r\n      \"type\": \"text\",\r\n      \"cont\": \"<p><span style=\\\"color: #f9f9f9;\\\">A<\/span><\/p>\",\r\n      \"align\": \"top\",\r\n      \"row\": 3,\r\n      \"col\": 0,\r\n      \"colspan\": 2,\r\n      \"offsetx\": 0,\r\n      \"offsety\": 0,\r\n      \"spaceabove\": 0,\r\n      \"spacebelow\": 0,\r\n      \"yvel\": 1,\r\n      \"push\": 0,\r\n      \"relid\": 20,\r\n      \"absolute_position\": false\r\n    },\r\n    {\r\n      \"type\": \"text\",\r\n      \"cont\": \"<p><span style=\\\"font-weight: 400;\\\">Paul-Henry Campbell on the poem \\\"Homage\\\" in Volltext (Nr. 4\/2023), Austrian literary magazine (Austria, December 2023):<\/span><\/p><p><span style=\\\"font-weight: 400;\\\"><br \/><\/span><i><span style=\\\"font-weight: 400;\\\">In this poem, biography plays a haunting role: \\\"the father in the son, that every death encourages\\\" takes a stand on something that perhaps all the world's religions struggle with in their own way and that Shakespeare called \\\"The chain of being.\\\" As this poem delicately expresses, it is about the insight that only patience, long patience with becoming, can give. Translated from the Spanish by Luisa Donnerberg, in this poem by Tom\u00e1s Cohen we contemplate in awe what is gone and yet remains, what is closed and yet lies open before us in its muteness. This homage opens with an astonishment at our own carelessness: \\\"late and celebrated \/ I would now be by your bedside.\\\" As if, in the impetuosity and drunkenness of celebration, one had neglected to stand beside those who are the origin and provenance; as if one had overlooked the chain from ancestors to the after-born, because the impatient soul was intoxicated, because it had to be intoxicated with the celebration of life. <\/span><\/i><span style=\\\"font-weight: 400;\\\"><br \/><\/span><span style=\\\"font-weight: 400;\\\"><br \/><\/span><span style=\\\"font-weight: 400;\\\">Read the full review here: <\/span><a rel=\\\"noopener\\\" href=\\\"https:\/\/volltext.net\/produkt\/volltext-4-2023\/\\\" target=\\\"_blank\\\"><span style=\\\"font-weight: 400;\\\">https:\/\/volltext.net\/produkt\/volltext-4-2023\/<\/span><\/a><\/p>\",\r\n      \"align\": \"top\",\r\n      \"row\": 4,\r\n      \"col\": 0,\r\n      \"colspan\": 10,\r\n      \"offsetx\": 0,\r\n      \"offsety\": 0,\r\n      \"spaceabove\": 0,\r\n      \"spacebelow\": 0,\r\n      \"yvel\": 1,\r\n      \"push\": 0,\r\n      \"relid\": 9,\r\n      \"absolute_position\": false\r\n    },\r\n    {\r\n      \"type\": \"text\",\r\n      \"cont\": \"<h1 class=\\\"_H1\\\"><span style=\\\"color: #000000;\\\"><span style=\\\"font-family: Rowan-Italic;\\\"><span style=\\\"font-weight: 400;\\\"><span style=\\\"font-family: Rowan-Regular;\\\">Reviews of<\/span> <\/span><i><span style=\\\"font-weight: 400;\\\">Tr\u00edada mayor<\/span><\/i><span style=\\\"font-weight: 400;\\\"><span style=\\\"font-family: Rowan-Regular;\\\"> (Siesta Verlag, 2023)<\/span>\u00a0<\/span><span style=\\\"font-weight: 400;\\\"><br \/><\/span><\/span><\/span><\/h1>\",\r\n      \"align\": \"top\",\r\n      \"row\": 5,\r\n      \"col\": 0,\r\n      \"colspan\": 11,\r\n      \"offsetx\": 0,\r\n      \"offsety\": 0,\r\n      \"spaceabove\": 0,\r\n      \"spacebelow\": 0,\r\n      \"yvel\": 1,\r\n      \"push\": 0,\r\n      \"relid\": 13,\r\n      \"absolute_position\": false\r\n    },\r\n    {\r\n      \"type\": \"text\",\r\n      \"cont\": \"<p style=\\\"text-align: right; line-height: 1;\\\"><span style=\\\"font-size: 43px; font-family: Rowan-Medium; color: #000000;\\\"><a style=\\\"color: #000000;\\\" href=\\\"#expandrow\\\" data-expand=\\\"21,12,27\\\" data-animation=\\\"400\\\" data-animationtiming=\\\"cubic-bezier(0.17,0.84,0.44,1)\\\" data-collapseotherrows=\\\"false\\\" data-scrolltoexpandedrow=\\\"true\\\" data-replacementtext=\\\"-\\\">+<\/a><\/span><\/p>\",\r\n      \"align\": \"middle\",\r\n      \"row\": 5,\r\n      \"col\": 11,\r\n      \"colspan\": 1,\r\n      \"offsetx\": 0,\r\n      \"offsety\": 0,\r\n      \"spaceabove\": 0,\r\n      \"spacebelow\": 0,\r\n      \"yvel\": 1,\r\n      \"push\": 0,\r\n      \"relid\": 7,\r\n      \"absolute_position\": false\r\n    },\r\n    {\r\n      \"type\": \"text\",\r\n      \"cont\": \"<p><span style=\\\"color: #f9f9f9;\\\">A<\/span><\/p>\",\r\n      \"align\": \"top\",\r\n      \"row\": 6,\r\n      \"col\": 0,\r\n      \"colspan\": 2,\r\n      \"offsetx\": 0,\r\n      \"offsety\": 0,\r\n      \"spaceabove\": 0,\r\n      \"spacebelow\": 0,\r\n      \"yvel\": 1,\r\n      \"push\": 0,\r\n      \"relid\": 22,\r\n      \"absolute_position\": false\r\n    },\r\n    {\r\n      \"type\": \"text\",\r\n      \"cont\": \"<p>-<\/p>\",\r\n      \"align\": \"top\",\r\n      \"row\": 7,\r\n      \"col\": 0,\r\n      \"colspan\": 2,\r\n      \"offsetx\": 0,\r\n      \"offsety\": 0,\r\n      \"spaceabove\": 0,\r\n      \"spacebelow\": 0,\r\n      \"yvel\": 1,\r\n      \"push\": 0,\r\n      \"relid\": 15,\r\n      \"absolute_position\": false,\r\n      \"frameOverflow\": \"\"\r\n    },\r\n    {\r\n      \"type\": \"text\",\r\n      \"cont\": \"<h1 class=\\\"_H1\\\"><span style=\\\"color: #000000;\\\"><span style=\\\"font-family: Rowan-Italic;\\\"><span style=\\\"font-weight: 400;\\\"><span style=\\\"font-family: Rowan-Regular;\\\">Reviews of<\/span> <\/span><i><span style=\\\"font-weight: 400;\\\">Un \u00e1rbol de luz \u00edntima<\/span><\/i><span style=\\\"font-weight: 400; font-family: Rowan-Regular;\\\"> (Ediciones Bastante, 2019)\u00a0<\/span><br \/><\/span><\/span><\/h1>\",\r\n      \"align\": \"top\",\r\n      \"row\": 8,\r\n      \"col\": 0,\r\n      \"colspan\": 11,\r\n      \"offsetx\": 0,\r\n      \"offsety\": 0,\r\n      \"spaceabove\": 0,\r\n      \"spacebelow\": 0,\r\n      \"yvel\": 1,\r\n      \"push\": 0,\r\n      \"relid\": 25,\r\n      \"absolute_position\": false,\r\n      \"frameOverflow\": \"\"\r\n    },\r\n    {\r\n      \"type\": \"text\",\r\n      \"cont\": \"<p style=\\\"text-align: right; line-height: 1;\\\"><span style=\\\"font-size: 43px; font-family: Rowan-Medium; color: #000000;\\\"><a style=\\\"color: #000000;\\\" href=\\\"#expandrow\\\" data-expand=\\\"30,26,16\\\" data-animation=\\\"400\\\" data-animationtiming=\\\"cubic-bezier(0.17,0.84,0.44,1)\\\" data-collapseotherrows=\\\"false\\\" data-scrolltoexpandedrow=\\\"true\\\" data-replacementtext=\\\"-\\\">+<\/a><\/span><\/p>\",\r\n      \"align\": \"middle\",\r\n      \"row\": 8,\r\n      \"col\": 11,\r\n      \"colspan\": 1,\r\n      \"offsetx\": 0,\r\n      \"offsety\": 0,\r\n      \"spaceabove\": 0,\r\n      \"spacebelow\": 0,\r\n      \"yvel\": 1,\r\n      \"push\": 0,\r\n      \"relid\": 18,\r\n      \"absolute_position\": false\r\n    },\r\n    {\r\n      \"type\": \"text\",\r\n      \"cont\": \"<p><span style=\\\"color: #f9f9f9;\\\">A<\/span><\/p>\",\r\n      \"align\": \"middle\",\r\n      \"row\": 9,\r\n      \"col\": 0,\r\n      \"colspan\": 2,\r\n      \"offsetx\": 0,\r\n      \"offsety\": 0,\r\n      \"spaceabove\": 0,\r\n      \"spacebelow\": 0,\r\n      \"yvel\": 1,\r\n      \"push\": 0,\r\n      \"relid\": 31,\r\n      \"absolute_position\": false\r\n    },\r\n    {\r\n      \"type\": \"text\",\r\n      \"cont\": \"<p><span style=\\\"font-weight: 400;\\\">Blurb of the book by the publishing house <\/span><span style=\\\"font-weight: 400;\\\">(Chile, December 2019)<\/span><span style=\\\"font-weight: 400;\\\">:<\/span><span style=\\\"font-weight: 400;\\\"><br \/><br \/><\/span><\/p><p><i><span style=\\\"font-weight: 400;\\\">This tree of intimate light has roots in childhood invoked as a key to the present; its branches, laden with the death of loved ones, sound with the \\\"<\/span><\/i><i><span style=\\\"font-weight: 400;\\\">dioma \/ entra\u00f1able que te extra\u00f1a, extranjero, pr\u00f3digo\u201d<\/span><\/i><i><span style=\\\"font-weight: 400;\\\">\\\". In this book by Tom\u00e1s Cohen the house menstruates, one can choose mother and be grandmother's father; his poems are populated by insects, fossils and composers. From Buddhism Cohen enters into communion with nature, evokes his native Pelluhue and his years in Kathmandu. His nomadic vignettes pass through Helsinki, Bach's organ in St. Katherin and an accident in Hamburg. Exposed to police repression, he questions \\\"<\/span><\/i><i><span style=\\\"font-weight: 400;\\\">la injusticia encarnada en uno<\/span><\/i><i><span style=\\\"font-weight: 400;\\\">\\\" and asks \\\"<\/span><\/i><i><span style=\\\"font-weight: 400;\\\">mu\u00e9strame \/ lo peor que hayas hecho \/ para all\u00ed hermanarnos<\/span><\/i><i><span style=\\\"font-weight: 400;\\\">\\\" in his Prologue at the end, which invites us to reread from the beginning. <\/span><\/i><i><span style=\\\"font-weight: 400;\\\"><br \/><\/span><\/i><i><span style=\\\"font-weight: 400;\\\"><br \/><\/span><\/i><span style=\\\"font-weight: 400;\\\">Read the complete note here: <\/span><a rel=\\\"noopener\\\" href=\\\"https:\/\/bastante.cl\/producto\/un-arbol-de-luz-intimatomas-cohen\/?currency=CLP\\\" target=\\\"_blank\\\"><span style=\\\"font-weight: 400;\\\">https:\/\/bastante.cl\/producto\/un-arbol-de-luz-intimatomas-cohen\/?currency=CLP<\/span><\/a><\/p><p><i><span style=\\\"font-weight: 400;\\\"><br \/><\/span><\/i><i><span style=\\\"font-weight: 400;\\\">*<\/span><\/i><\/p><p><span style=\\\"font-weight: 400;\\\"><br \/><\/span><span style=\\\"font-weight: 400;\\\">Review of Un \u00e1rbol de luz \u00edntima by <\/span><a rel=\\\"noopener\\\" href=\\\"https:\/\/es.wikipedia.org\/wiki\/Leonardo_Sanhueza\\\" target=\\\"_blank\\\"><span style=\\\"font-weight: 400;\\\">Leonardo Sanhueza<\/span><\/a><span style=\\\"font-weight: 400;\\\"> in the newspaper Las \u00daltimas Noticias, Chile (January 6, 2020):<\/span><span style=\\\"font-weight: 400;\\\"><br \/><\/span><span style=\\\"font-weight: 400;\\\"><br \/><\/span><i><span style=\\\"font-weight: 400;\\\">Like the tree of the title, the volume branches in several directions, from the trunk of childhood to the family. [...] The constant travels that occur in Cohen's book, from Chile to Germany, Finland and Nepal, share a vision strongly influenced by Buddhism. [...] The spiritual quest [...] of the poems thus clings to essential questions and dares to explore the possibility of communication between people and beings.<\/span><\/i><span style=\\\"font-weight: 400;\\\"><br \/><br \/><\/span><\/p><p><span style=\\\"font-weight: 400;\\\">*<\/span><\/p><p><span style=\\\"font-weight: 400;\\\"><br \/><\/span><span style=\\\"font-weight: 400;\\\">Review by <\/span><span style=\\\"font-weight: 400;\\\">Juan Rodr\u00edguez of <\/span><span style=\\\"font-weight: 400;\\\">Un \u00e1rbol de luz \u00edntima (<\/span><span style=\\\"font-weight: 400;\\\">in dialogue with a book by Edgardo Cozarinsky). <\/span><a rel=\\\"noopener\\\" href=\\\"https:\/\/en.wikipedia.org\/wiki\/Edgardo_Cozarinsky\\\" target=\\\"_blank\\\"><span style=\\\"font-weight: 400;\\\">Edgardo Cozarinsky<\/span><\/a><span style=\\\"font-weight: 400;\\\">) in the online literary magazine Saposcat (Chile, 2020):<\/span><span style=\\\"font-weight: 400;\\\"><br \/><\/span><span style=\\\"font-weight: 400;\\\"><br \/><\/span><i><span style=\\\"font-weight: 400;\\\">..in these poems there are children and adults, children, parents and grandparents; although the voice is always that of a child, even if it is that of the adult who was a child: \\\"I portray from memory a child \/ of those in love with the old \/ the child I was, with millions of years in my hands.\\\"<\/span><\/i><i><span style=\\\"font-weight: 400;\\\"><br \/><\/span><\/i><i><span style=\\\"font-weight: 400;\\\">What is a child? It is a person, or at least a human being; it is someone who is going to die. It is an uncertainty (\\\"howling away also a flock \/ like shattered shadow, like dice thrown \/ until reaching the next generation,\\\" Cohen says), it is a body coming out of a body. A child is something we will cease to be, or not, when it is written: \\\"and babbled, narrating Lazarus\\\".<\/span><\/i><i><span style=\\\"font-weight: 400;\\\"><br \/><\/span><\/i><i><span style=\\\"font-weight: 400;\\\">What does the poet -Cohen- open when he says he opens something that is like an old mahogany box, a box, he says, \\\"without cigars \/ but always with fresh fragrance\\\". Is it memory, is it the book we read, is it a box with photos?<\/span><\/i><i><span style=\\\"font-weight: 400;\\\"><br \/><\/span><\/i><i><span style=\\\"font-weight: 400;\\\">Is it all the ghosts of childhood? \\\"To go away like this, through dirt courts buried in pavement \/ checking the discharge of the bell \/ successful in my skin still - so to go away \/ kidnapped by my punctual ghosts \/ my childish anxieties and cries...\\\", Cohen writes. They seem in fact, those anxieties and cries, the ghosts of an adult. Childhood, perhaps, is the fantasy world of adults; a way of seeing and speaking to oneself. Memory, let us remember, is imagination: \\\"Come my child \/ to accompany his adult \/ (who is not his father, but his grave) \/ and give him the affection \/ that a prisoner gives to his bars\\\".<\/span><\/i><i><span style=\\\"font-weight: 400;\\\"><br \/><\/span><\/i><i><span style=\\\"font-weight: 400;\\\">A child, yes, is a body and it is not a body, it is something that will die: it is a possibility that will become real; and that in the meantime is remembered and reminds us. A philosopher said \\\"friends, there are no friends\\\"; we might ask, reading Cohen: children, are there no children?<\/span><\/i><span style=\\\"font-weight: 400;\\\"><br \/><\/span><span style=\\\"font-weight: 400;\\\"><br \/><\/span><span style=\\\"font-weight: 400;\\\">Read the full review here: <\/span><a rel=\\\"noopener\\\" href=\\\"http:\/\/saposcat.cl\/cuerpos-y-fantasmas-notas-al-margen-de-dos-poetas-juan-rodriguez-m\/\\\" target=\\\"_blank\\\"><span style=\\\"font-weight: 400;\\\">http:\/\/saposcat.cl\/cuerpos-y-fantasmas-notas-al-margen-de-dos-poetas-juan-rodriguez-m\/<\/span><\/a><\/p><p><span style=\\\"font-weight: 400;\\\">\u00a0<\/span><\/p><p><span style=\\\"font-weight: 400;\\\">*<\/span><\/p><p><span style=\\\"font-weight: 400;\\\"><br \/><\/span><span style=\\\"font-weight: 400;\\\">Review by Pascual Brodsky of Un \u00e1rbol de luz \u00edntima in Revista Lecturas (Chile, July 28, 2020):<\/span><span style=\\\"font-weight: 400;\\\"><br \/><\/span><span style=\\\"font-weight: 400;\\\"><br \/><\/span><i><span style=\\\"font-weight: 400;\\\">Un \u00e1rbol de luz \u00edntima took me to a stream that runs through Gabriela Mistral's poetry, crossed by ocotes, poppies, traros, coyotes and pumas, and at the same time by angels, sphinxes, mystical bodies that disassociate themselves on the roads. Tomas Cohen slurps and opens other grooves to this slope, bordered by an intimacy with creatures, plants and minerals, with the need to sustain a pulse without justification; and on the other hand, the almost alien strangeness of being here only in passing.<\/span><\/i><i><span style=\\\"font-weight: 400;\\\"><br \/><\/span><\/i><i><span style=\\\"font-weight: 400;\\\">[...] the writing of this book wants to detach itself from its \\\"I\\\", to make room for the beings and places that surround and sustain it. That is why he also refers to the residential Neruda, in which the verses are entangled and agglutinated as an echo of the world, the words extend their contours, they become like a region of experience that crosses time and appearance, but without tearing them from their secret. In a poem dedicated to \\\"the dead mentor\\\", the disconcerted voice rumbles before the separation with the other, and the body and its image alone are perceived as a hindrance, a kind of casing that one wishes to break.<\/span><\/i><\/p><p><i><span style=\\\"font-weight: 400;\\\">Before the window of the coffin, the image of the other is not enough, it is his silence that seems to tear the one who is left alive, the impossible rhythm in the \\\"cracked membrane of a drum\\\". And in the end, it is the isolated and personal reflection in the window that one wants to disprove with touch and breath. It is the return to the bodies as sediments of time that these poems will insist on, indicated in the journey \\\"from the eardrum to the shell\\\", in which the ear is also preferred to the eye as the poetic organ. Remembering in the word what in it persists as a moan, the speaker discovers himself as an animal, and the poem as a tissue and creature.<\/span><\/i><i><span style=\\\"font-weight: 400;\\\"><br \/><\/span><\/i><i><span style=\\\"font-weight: 400;\\\">Nor is it a light that illuminates in order to know. The song \\\"secretly changes\\\" the listener, perhaps in the double sense that \\\"the procession goes inside\\\"; and that the song points to something that persists elusive to words, and that is why it is a song that wants to be free of any imposition to \\\"be clear\\\", to communicate completely, to discover or confess itself.<\/span><\/i><span style=\\\"font-weight: 400;\\\"><br \/><br \/><\/span><\/p><p><span style=\\\"font-weight: 400;\\\">Read the full review here: <\/span><a rel=\\\"noopener\\\" href=\\\"http:\/\/www.revistalecturas.cl\/cancion-de-hoguera-partir-de-un-arbol-de-luz-intima-de-tomas-cohen-por-pascual-brodsky\/\\\" target=\\\"_blank\\\"><span style=\\\"font-weight: 400;\\\">http:\/\/www.revistalecturas.cl\/cancion-de-hoguera-partir-de-un-arbol-de-luz-intima-de-tomas-cohen-por-pascual-brodsky\/<\/span><\/a><\/p><p><span style=\\\"font-weight: 400;\\\">\u00a0<\/span><\/p><p><span style=\\\"font-weight: 400;\\\">*<\/span><span style=\\\"font-weight: 400;\\\"><br \/><\/span><span style=\\\"font-weight: 400;\\\"><br \/><\/span><span style=\\\"font-weight: 400;\\\">Review by <\/span><a rel=\\\"noopener\\\" href=\\\"https:\/\/matiasceledon.com\/bio\/\\\" target=\\\"_blank\\\"><span style=\\\"font-weight: 400;\\\">Mat\u00edas Celed\u00f3n<\/span><\/a><span style=\\\"font-weight: 400;\\\"> on Un \u00e1rbol de luz \u00edntima in Vallejo y Co. (Peru, June 21, 2020):<\/span><span style=\\\"font-weight: 400;\\\"><br \/><br \/><\/span><\/p><p><i><span style=\\\"font-weight: 400;\\\">...this Tree of intimate light [...], dedicated by the author to his parents and grandparents, in that order, sowing a sense of reading: from the beginning, the poet advances towards his roots, or if you will, he buries himself by going into the depths.<\/span><\/i><\/p><p><i><span style=\\\"font-weight: 400;\\\">The image of a wooden box that opens, present in the form of coffins and in the thresholds suggested by the title that gathers the first of the four series of poems (\\\"Goznes\\\"), transmutes the leaves of the tree into pages containing doors and windows through which Cohen peeks out various faces, hunting insects or caressing fossils. The hinge is the hinge, a piece of hinged hardware with which the leaves of the doors and windows are attached to the hinge. These first pages of poems open like luminous passages, but of forbidden transit.<\/span><\/i><i><span style=\\\"font-weight: 400;\\\"><br \/><\/span><\/i><i><span style=\\\"font-weight: 400;\\\">Cohen imagines the world he contemplates. He approaches inspiration like someone searching for a river. He observes by listening, he distinguishes the materials by their sounds. [Cohen works with the classical in a deliberate way, as a gesture of subversion to the empty rupture with the tradition of certain contemporary aesthetics. In the poem \\\"No insectarium\\\", he gathers in a transparent point of time his own natural history museum, where bugs climb up the bark and survive among the roots. There are in the miniature and in the delicate insects that inhabit this Tree..., images that crisp, words sensitive to touch.<\/span><\/i><\/p><p><i><span style=\\\"font-weight: 400;\\\">In this book, Tom\u00e1s Cohen invokes the voices that have moved his attentive and privileged listening in the middle of his journey. Let us toast to his roots under the luminous canopy of this growing tree.<\/span><\/i><\/p><p><span style=\\\"font-weight: 400;\\\"><br \/><\/span><span style=\\\"font-weight: 400;\\\">Read the full review here: <\/span><a rel=\\\"noopener\\\" href=\\\"http:\/\/www.vallejoandcompany.com\/sobre-un-arbol-de-luz-intima-2019-de-tomas-cohen\/\\\" target=\\\"_blank\\\"><span style=\\\"font-weight: 400;\\\">http:\/\/www.vallejoandcompany.com\/sobre-un-arbol-de-luz-intima-2019-de-tomas-cohen\/<\/span><\/a><\/p><p><span style=\\\"font-weight: 400;\\\">\u00a0<\/span><\/p><p><span style=\\\"font-weight: 400;\\\">*<\/span><span style=\\\"font-weight: 400;\\\"><br \/><\/span><span style=\\\"font-weight: 400;\\\"><br \/><\/span><span style=\\\"font-weight: 400;\\\">Tes Nehu\u00e9n's review of Un \u00e1rbol de luz \u00edntima in the online poetry portal Poemas del Alma (June 16, 2020):<\/span><\/p><p><span style=\\\"font-weight: 400;\\\">\u00a0<\/span><\/p><p><i><span style=\\\"font-weight: 400;\\\">\\\"Un \u00e1rbol de luz \u00edntima\\\" by Tom\u00e1s Cohen is a collection of poems of inner inquiry about childhood and the imprint that the experiences of the past have on the present. But it is written not from the contrition or the regret of what was lost, but from the resignation of the brevity of life and the desire to see beyond what we touch.<\/span><\/i><\/p><p><i><span style=\\\"font-weight: 400;\\\">On this path of spiritual restlessness, the poet stumbles, and I say well, because this is a distinctive feature of the book, the way in which things appear. As we read, we can notice that the certainty of the voice fades and he seems to hesitate as he goes from one subject to the next, as if he were facing a path that has not been measured in advance. As if the only possible conviction were that of the journey, but the destination is absolutely unknown. And that is why, I say, the poet stumbles over things, names them, remembers them, and continues on his way, without stopping too long. Because what he really wants is to put together a kind of album, like Blake's so childish and so gloomy, that will allow him to reconstruct his identity.<\/span><\/i><\/p><p><i><span style=\\\"font-weight: 400;\\\">Although there is a melancholy that hovers over the whole book, and leads to the idea that each day may be the last, each visit as the last farewell, as he says in one of the poems, this is not the feeling that prevails, rather it is a kind of detachment, bordering on coldness in certain fragments. And in that sense I have perceived that strangeness that foreignness brings and that gives so much pulse to the work of certain poets. How to write a book with forceful tributes to family members who have been left behind, either because death has imposed this distance, or because the writer's own foreignness has done it, without falling into the feeling of melancholy that always tinges this kind of poems. This seems to be one of the primary searches of this book.<\/span><\/i><\/p><p><i><span style=\\\"font-weight: 400;\\\">This is a book that works with memory as a great net, where there are prismatic reflections, where the things that were are transformed according to the new look, where houses always lead to other houses, and within all of them there is room for a different world. This can also be read as a nod to the work of Blake, who gave so much importance to the universe, who fought so hard through his art to recognize other possible forms of life and language. And the identity of this collection of poems also seems to lie in this endeavor.<\/span><\/i><\/p><p><i><span style=\\\"font-weight: 400;\\\">At this point we would have to point out that the way in which the poems are constructed is more electric. The poems are like sparks that explain situations, experiences, emotions of the past, but as I said, without dwelling too much on them. Images that overlap, until they constitute that album that allows the poet to have before his eyes a record of the subterfuge links that are interwoven in the various stages of life.<\/span><\/i><\/p><p><i><span style=\\\"font-weight: 400;\\\">...structural symmetry, one of the most outstanding features of this book, announces the solid search of a well-formed poet.<\/span><\/i><\/p><p><span style=\\\"font-weight: 400;\\\">\u00a0<\/span><\/p><p><span style=\\\"font-weight: 400;\\\">Read the full review here: <\/span><a rel=\\\"noopener\\\" href=\\\"https:\/\/www.poemas-del-alma.com\/blog\/especiales\/arbol-intima-tomas-cohen\\\" target=\\\"_blank\\\"><span style=\\\"font-weight: 400;\\\">https:\/\/www.poemas-del-alma.com\/blog\/especiales\/arbol-intima-tomas-cohen<\/span><\/a><\/p><p><span style=\\\"font-weight: 400;\\\">\u00a0<\/span><\/p><p><span style=\\\"font-weight: 400;\\\">*<\/span><\/p><p><span style=\\\"font-weight: 400;\\\">\u00a0<\/span><\/p><p><span style=\\\"font-weight: 400;\\\">Greek translator Ati Solerti on Un \u00e1rbol de luz \u00edntima in the literature journal Vaxikon (Athens, 2020):<\/span><\/p><p><span style=\\\"font-weight: 400;\\\"><i>Tomas Cohen's new book entitled A Tree of Intimate Light is a journey for the mind that from the root of memory rises to the sky that nourishes it with emotions and the mirages it encounters. Cohen's writing enriches the idea of memory with metaphors about the loved ones we carry within, proposing an exchange of the roles they can play in our lives.<\/i><br \/><br \/>Read the full review here<b>: <\/b><a rel=\\\"noopener\\\" href=\\\"http:\/\/www.vakxikon.gr\/cohen-dentro\/\\\" target=\\\"_blank\\\" data-id=\\\"0\\\">www.vakxikon.gr\/cohen-dentro\/<\/a><br \/><\/span><\/p>\",\r\n      \"align\": \"top\",\r\n      \"row\": 10,\r\n      \"col\": 0,\r\n      \"colspan\": 10,\r\n      \"offsetx\": 0,\r\n      \"offsety\": 0,\r\n      \"spaceabove\": 0,\r\n      \"spacebelow\": 0,\r\n      \"yvel\": 1,\r\n      \"push\": 0,\r\n      \"relid\": 29,\r\n      \"absolute_position\": false,\r\n      \"frameOverflow\": \"\"\r\n    },\r\n    {\r\n      \"type\": \"text\",\r\n      \"cont\": \"<h1 class=\\\"_H1\\\"><span style=\\\"color: #000000;\\\"><span style=\\\"font-family: Rowan-Italic;\\\"><span style=\\\"font-weight: 400;\\\"><span style=\\\"font-family: Rowan-Regular;\\\">Reviews of<\/span> <i>Redoble del ronroneo<\/i> <span style=\\\"font-family: Rowan-Regular;\\\">(Buenos Aires Poetry, 2016).<\/span><br \/><\/span><\/span><\/span><\/h1>\",\r\n      \"align\": \"top\",\r\n      \"row\": 11,\r\n      \"col\": 0,\r\n      \"colspan\": 11,\r\n      \"offsetx\": 0,\r\n      \"offsety\": 0,\r\n      \"spaceabove\": 0,\r\n      \"spacebelow\": 0,\r\n      \"yvel\": 1,\r\n      \"push\": 0,\r\n      \"relid\": 40,\r\n      \"absolute_position\": false,\r\n      \"dosync\": false\r\n    },\r\n    {\r\n      \"type\": \"text\",\r\n      \"cont\": \"<p style=\\\"text-align: right; line-height: 1;\\\"><span style=\\\"font-size: 43px; font-family: Rowan-Medium; color: #000000;\\\"><a style=\\\"color: #000000;\\\" href=\\\"#expandrow\\\" data-expand=\\\"35,33,37\\\" data-animation=\\\"400\\\" data-animationtiming=\\\"cubic-bezier(0.17,0.84,0.44,1)\\\" data-collapseotherrows=\\\"false\\\" data-scrolltoexpandedrow=\\\"true\\\" data-replacementtext=\\\"-\\\">+<\/a><\/span><\/p>\",\r\n      \"align\": \"middle\",\r\n      \"row\": 11,\r\n      \"col\": 11,\r\n      \"colspan\": 1,\r\n      \"offsetx\": 0,\r\n      \"offsety\": 0,\r\n      \"spaceabove\": 0,\r\n      \"spacebelow\": 0,\r\n      \"yvel\": 1,\r\n      \"push\": 0,\r\n      \"relid\": 23,\r\n      \"absolute_position\": false\r\n    },\r\n    {\r\n      \"type\": \"text\",\r\n      \"cont\": \"<p><span style=\\\"color: #f9f9f9;\\\">A<\/span><\/p>\",\r\n      \"align\": \"middle\",\r\n      \"row\": 12,\r\n      \"col\": 0,\r\n      \"colspan\": 2,\r\n      \"offsetx\": 0,\r\n      \"offsety\": 0,\r\n      \"spaceabove\": 0,\r\n      \"spacebelow\": 0,\r\n      \"yvel\": 1,\r\n      \"push\": 0,\r\n      \"relid\": 39,\r\n      \"absolute_position\": false\r\n    },\r\n    {\r\n      \"type\": \"text\",\r\n      \"cont\": \"<p><span style=\\\"font-weight: 400;\\\">Endorsement<\/span><span style=\\\"font-weight: 400;\\\"> notes <\/span><span style=\\\"font-weight: 400;\\\">to the book, published by the publisher (January 2016):<\/span><\/p><p>\u00a0<\/p><p><i><span style=\\\"font-weight: 400;\\\">In Redoble del ronroneo, Tom\u00e1s Cohen debuts with an unusual mastery of alliteration. His is true lyrical poetry, and his sometimes dazzling verse is sustained with brains and emotion. Vivid imagery and resolved difficulty abound here, and invokes the best of the Neruda of Residencia en la tierra I and II. In addition, Redoble del ronroneo entertains without distraction - by no means secondary. This is an important first book.<\/span><\/i><\/p><p><span style=\\\"font-weight: 400;\\\">- <\/span><a rel=\\\"noopener\\\" href=\\\"https:\/\/es.wikipedia.org\/wiki\/Armando_Uribe\\\" target=\\\"_blank\\\"><span style=\\\"font-weight: 400;\\\">Armando Uribe<\/span><\/a><\/p><p>\u00a0<\/p><p><i><span style=\\\"font-weight: 400;\\\">It is very rare to see how a poet immersed in his tradition discovers which are the lines that have not been exhausted in it and continues them, and this is precisely what happens in Redoble del ronroneo. I have been very pleasantly impressed by the way in which Neruda is 'used' to produce a text that is installed in what seems to be an 'abandoned' tradition of poetry in Spanish and that Tom\u00e1s Cohen revitalizes very opportunely. I really enjoyed his poems, and I am happy to think that I will continue to read him for a long time to come.<\/span><\/i><\/p><p><span style=\\\"font-weight: 400;\\\">- <\/span><a rel=\\\"noopener\\\" href=\\\"http:\/\/granta.com\/contributor\/patricio-pron\/\\\" target=\\\"_blank\\\"><span style=\\\"font-weight: 400;\\\">Patricio Pron<\/span><\/a><\/p><p>\u00a0<\/p><p><i><span style=\\\"font-weight: 400;\\\">Although it may not seem so, Redoble del ronroneo is a book of love. Its passion is, however, paradoxical, since its object of desire is its own music - with rhythm in its roots. Undiminished by the echo of already consecrated voices, this debut manages to create a speech of its own and, dare I say it, unmistakable. The beauty of the difficult finds in the poetry of Tom\u00e1s Cohen one of its best examples.<\/span><\/i><\/p><p><span style=\\\"font-weight: 400;\\\">- <\/span><a rel=\\\"noopener\\\" href=\\\"http:\/\/dmll.case.edu\/faculty\/cristian-gomez-olivares\/\\\" target=\\\"_blank\\\"><span style=\\\"font-weight: 400;\\\">Cristi\u00e1n G\u00f3mez Olivares<\/span><\/a><\/p><p>\u00a0<\/p><p><span style=\\\"font-weight: 400;\\\">*<\/span><span style=\\\"font-weight: 400;\\\"><br \/><\/span><span style=\\\"font-weight: 400;\\\"><br \/><\/span><span style=\\\"font-weight: 400;\\\">Review to the publication of a selection of poems from Redoble del ronroneo translated into German in the magazine Edit Nr. 71, by Timo Brandt (in FixPoetry, German online literature magazine, 2017):<\/span><\/p><p>\u00a0<\/p><p><i><span style=\\\"font-weight: 400;\\\">Tom\u00e1s Cohen's poems (translated by Monika Rinck) make music with large and minimal objects, distinctive to the touch, to be felt with body and mind. In addition to paper and ink, one could have added the cautionary note that these texts \\\"may contain traces of interiority,\\\" which would still be too little to say, for interiority is the main constituent here, whether one realizes it at the outset or not. It is precisely through the wide variety of the poems, ranging from song to the perception of an isolated \\\"I\\\", that the central motif is the spiritual, transcending all lines of embellishment. Cohen likes to circumnavigate the idea of a poem with illuminated analogical structures; he is a very subtle poet who, at the same time, does not hesitate to redirect our walk with word choices that take us to an unexpected place. Reading his texts is a harmonious and balanced poetic experience.<\/span><\/i><span style=\\\"font-weight: 400;\\\"><br \/><\/span><span style=\\\"font-weight: 400;\\\"><br \/><\/span><span style=\\\"font-weight: 400;\\\">Read the full review here: <\/span><a rel=\\\"noopener\\\" href=\\\"https:\/\/www.fixpoetry.com\/\\\" target=\\\"_blank\\\"><span style=\\\"font-weight: 400;\\\">https:\/\/www.fixpoetry.com\/<\/span><\/a><\/p><p><span style=\\\"font-weight: 400;\\\"><br \/><\/span><span style=\\\"font-weight: 400;\\\">*<\/span><span style=\\\"font-weight: 400;\\\"><br \/><\/span><span style=\\\"font-weight: 400;\\\"><br \/><\/span><span style=\\\"font-weight: 400;\\\">Note by Greek translator Ati Solerti on the poem \\\"Andarivel (Postlude)\\\" from A Tree of Intimate Light in the literature journal Vaxikon (Greece, 2017):<\/span><span style=\\\"font-weight: 400;\\\"><br \/><\/span><span style=\\\"font-weight: 400;\\\"><br \/><\/span><i><span style=\\\"font-weight: 400;\\\">Tomas Cohen's writing knows how to listen to the extremes, the thin lines that distance and connect opposites in equilibrium on the infinite bridge of the universe. His gaze knows where to go to decipher every human beginning and end, he feels human nature and captures the signs of a common ancestry as in a ritual conversation with the God of rebirth. With sensitivity, logic and intuition, it also pushes our gaze into the depths of cyclical memories, into the blue of the horizon that separates and unites us, with the aim of liberating us. To reveal to us a new world that emerges around us, but after first expelling our former selves.<\/span><\/i><i><span style=\\\"font-weight: 400;\\\"><br \/><\/span><\/i><i><span style=\\\"font-weight: 400;\\\"><br \/><\/span><\/i><span style=\\\"font-weight: 400;\\\">Read the full note here: <\/span><a rel=\\\"noopener\\\" href=\\\"http:\/\/www.vakxikon.gr\/%25CF%2584%25CE%25BF%25CE%25BC%25CE%25AC%25CF%2582-%25CE%25BA%25CE%25BF%25CE%25AD%25CE%25BD-%25CF%2587%25CE%25B9%25CE%25BB%25CE%25AE-%25CE%25B1%25CF%2580%25CF%258C-%25CF%2584%25CE%25BF-%25CE%25AD%25CE%25BD%25CE%25B1-%25CE%25AC%25CE%25BA%25CF%2581%25CE%25BF-%25CF%2583%25CF%2584%25CE%25BF-%25CE%25AC%25CE%25BB%25CE%25BB\/\\\" target=\\\"_blank\\\"><span style=\\\"font-weight: 400;\\\">http:\/\/www.vakxikon.gr\/\u03c4\u03bf\u03bc\u03ac\u03c2-\u03ba\u03bf\u03ad\u03bd-\u03c7\u03b9\u03bb\u03ae-\u03b1\u03c0\u03cc-\u03c4\u03bf-\u03ad\u03bd\u03b1-\u03ac\u03ba\u03c1\u03bf-\u03c3\u03c4\u03bf-\u03ac\u03bb\u03bb\/\u03c4\u03bf\u03bc\u03ac\u03c2-\u03ba\u03bf\u03ad\u03bd-\u03c7\u03b9\u03bb\u03ae-\u03b1\u03c0\u03cc-\u03c4\u03bf-\u03ad\u03bd\u03b1-\u03ac\u03ba\u03c1\u03bf-\u03c3\u03c4\u03bf-\u03ac\u03bb\u03bb\/<\/span><\/a><\/p><p>\u00a0<\/p><p><i><span style=\\\"font-weight: 400;\\\">*<\/span><\/i><\/p><p>\u00a0<\/p><p><span style=\\\"font-weight: 400;\\\">Jan Kuhlbrodt on the publication of a selection of poems from Redoble del ronroneo translated into German and published in the German magazine Edit (Nr. 71, Winter 2016\/17):<\/span><\/p><p>\u00a0<\/p><p><i><span style=\\\"font-weight: 400;\\\">Chilean poetry is world poetry. And it probably always has been, from the beginning, even when the Spanish conquistadors met the Indians; when wars, trade and languages intermingled. It is world poetry not in the sense that the poems of Chilean poets gush out of European literature manuals, but rather because it is nourished by contact with the world. And it is perhaps here that we find the link. From the poetry of Gabriela Mistral, as earthy as the potter's clay she describes, to the cosmopolitan texts of Pablo Neruda. Again and again he finds himself in the balance between popular poetry and the avant-garde. This opens up spaces for him in both geography and time. <\/span><\/i><i><span style=\\\"font-weight: 400;\\\"><br \/><\/span><\/i><i><span style=\\\"font-weight: 400;\\\">The texts by Tom\u00e1s Cohen presented here in Monika Rinck's congenial translation are a wonderful example. They make use of traditional and experimental material. We meet the puma, the sand and the shepherd. Archaic motifs that, stripped of their past, become fully present: \\\"hoists torches against cavernous frescoes \/ and pecks flaming bush levels\\\".<\/span><\/i><i><span style=\\\"font-weight: 400;\\\"><br \/><\/span><\/i><i><span style=\\\"font-weight: 400;\\\"><br \/><\/span><\/i><span style=\\\"font-weight: 400;\\\">Read the full review here: <\/span><a rel=\\\"noopener\\\" href=\\\"https:\/\/www.editonline.de\/shop\/\\\" target=\\\"_blank\\\"><span style=\\\"font-weight: 400;\\\">https:\/\/www.editonline.de\/shop\/<\/span><\/a><\/p>\",\r\n      \"align\": \"top\",\r\n      \"row\": 13,\r\n      \"col\": 0,\r\n      \"colspan\": 10,\r\n      \"offsetx\": 0,\r\n      \"offsety\": 0,\r\n      \"spaceabove\": 0,\r\n      \"spacebelow\": 0,\r\n      \"yvel\": 1,\r\n      \"push\": 0,\r\n      \"relid\": 34,\r\n      \"absolute_position\": false,\r\n      \"frameOverflow\": \"\"\r\n    },\r\n    {\r\n      \"type\": \"text\",\r\n      \"cont\": \"<h1 class=\\\"_H1\\\"><span style=\\\"color: #000000;\\\"><span style=\\\"font-family: Rowan-Italic;\\\"><span style=\\\"font-weight: 400;\\\"><span style=\\\"font-family: Rowan-Regular;\\\">Interviews<\/span><br \/><\/span><\/span><\/span><\/h1>\",\r\n      \"align\": \"top\",\r\n      \"row\": 14,\r\n      \"col\": 0,\r\n      \"colspan\": 11,\r\n      \"offsetx\": 0,\r\n      \"offsety\": 0,\r\n      \"spaceabove\": 0,\r\n      \"spacebelow\": 0,\r\n      \"yvel\": 1,\r\n      \"push\": 0,\r\n      \"relid\": 17,\r\n      \"absolute_position\": false\r\n    },\r\n    {\r\n      \"type\": \"text\",\r\n      \"cont\": \"<p style=\\\"text-align: right; line-height: 1;\\\"><span style=\\\"font-size: 43px;\\\"><a href=\\\"#expandrow\\\" data-expand=\\\"28,38\\\" data-animation=\\\"400\\\" data-animationtiming=\\\"cubic-bezier(0.17,0.84,0.44,1)\\\" data-replacementtext=\\\"-\\\" data-collapseotherrows=\\\"false\\\" data-scrolltoexpandedrow=\\\"true\\\"><span style=\\\"font-family: Rowan-Medium; color: #000000;\\\">+<\/span><\/a><\/span><\/p>\",\r\n      \"align\": \"middle\",\r\n      \"row\": 14,\r\n      \"col\": 11,\r\n      \"colspan\": 1,\r\n      \"offsetx\": 0,\r\n      \"offsety\": 0,\r\n      \"spaceabove\": 0,\r\n      \"spacebelow\": 0,\r\n      \"yvel\": 1,\r\n      \"push\": 0,\r\n      \"relid\": 42,\r\n      \"absolute_position\": false\r\n    },\r\n    {\r\n      \"type\": \"text\",\r\n      \"cont\": \"<p><span style=\\\"color: #f9f9f9;\\\">A<\/span><\/p>\",\r\n      \"align\": \"middle\",\r\n      \"row\": 15,\r\n      \"col\": 0,\r\n      \"colspan\": 2,\r\n      \"offsetx\": 0,\r\n      \"offsety\": 0,\r\n      \"spaceabove\": 0,\r\n      \"spacebelow\": 0,\r\n      \"yvel\": 1,\r\n      \"push\": 0,\r\n      \"relid\": 32,\r\n      \"absolute_position\": false\r\n    },\r\n    {\r\n      \"type\": \"text\",\r\n      \"cont\": \"<p><span style=\\\"font-weight: 400;\\\">Interview on Radio Cosmo, WDR, Berlin (Berlin, February 2020):<\/span><\/p><p>\u00a0<\/p><p><span style=\\\"font-weight: 400;\\\">The program \\\"Estaci\u00f3n Sur\\\" of Radio Cosmo, a Spanish-American radio station in Berlin, interviewed me in the context of the first presentation of my second book in Germany. I thank the team of Estaci\u00f3n Sur, in particular Rub\u00e9n G\u00f3mez del Barrio for his interest in my poetry. The interview includes a reading of some of my poems.<\/span><\/p><p><span style=\\\"font-weight: 400;\\\"><br \/><\/span><span style=\\\"font-weight: 400;\\\">Listen to the full interview here: <\/span><a rel=\\\"noopener\\\" href=\\\"https:\/\/www1.wdr.de\/radio\/cosmo\/programm\/sendungen\/estacionsur\/cultura\/-wdr-cosmo-estacion-sur-poemas-tomas-cohen-arbol-102.html\\\" target=\\\"_blank\\\"><span style=\\\"font-weight: 400;\\\">https:\/\/www1.wdr.de\/radio\/cosmo\/programm\/sendungen\/estacionsur\/cultura\/-wdr-cosmo-estacion-sur-poemas-tomas-cohen-arbol-102.html<\/span><\/a><\/p><p><span style=\\\"font-weight: 400;\\\"><br \/><\/span><span style=\\\"font-weight: 400;\\\">*<\/span><\/p><p>\u00a0<\/p><p><span style=\\\"font-weight: 400;\\\">Interview in B\u00edo B\u00edo TV (Chile, January 8, 2020):<\/span><\/p><p>\u00a0<\/p><p><span style=\\\"font-weight: 400;\\\">Many thanks to Ana Josefa Silva and Marco Antonio de la Parra, both journalists, writers and excellent readers, for this interview for B\u00edo B\u00edo TV about my book 'Un \u00e1rbol de luz \u00edntima'.<\/span><span style=\\\"font-weight: 400;\\\"><br \/><\/span><span style=\\\"font-weight: 400;\\\"><br \/><\/span><span style=\\\"font-weight: 400;\\\">See the full interview here: <\/span><a rel=\\\"noopener\\\" href=\\\"https:\/\/www.biobiochile.cl\/biobiotv\/programas\/del-fin-del-mundo\/2020\/01\/08\/tomas-cohen-y-un-arbol-de-luz-intima-de-pelluhue-a-katmandu-y-hamburgo.shtml\\\" target=\\\"_blank\\\"><span style=\\\"font-weight: 400;\\\">https:\/\/www.biobiochile.cl\/biobiotv\/programas\/del-fin-del-mundo\/2020\/01\/08\/tomas-cohen-y-un-arbol-de-luz-intima-de-pelluhue-a-katmandu-y-hamburgo.shtml<\/span><\/a><\/p><p>\u00a0<\/p><p><span style=\\\"font-weight: 400;\\\">*<\/span><span style=\\\"font-weight: 400;\\\"><br \/><\/span><span style=\\\"font-weight: 400;\\\"><br \/><\/span><span style=\\\"font-weight: 400;\\\">Interview in the J\u00fcdische Algemeine Zeitung (Berlin, January 3, 2020):<\/span><\/p><p>\u00a0<\/p><p><span style=\\\"font-weight: 400;\\\">Gerhard Haase-Hindenberg, actor, writer and brilliant conversationalist interviewed me for his series of portraits of relevant Jews in the German cultural scene.<\/span><span style=\\\"font-weight: 400;\\\"><br \/><\/span><span style=\\\"font-weight: 400;\\\"><br \/><\/span><span style=\\\"font-weight: 400;\\\">Read the full interview here: <\/span><a rel=\\\"noopener\\\" href=\\\"https:\/\/www.juedische-allgemeine.de\/unsere-woche\/herr-der-woerter\/\\\" target=\\\"_blank\\\"><span style=\\\"font-weight: 400;\\\">https:\/\/www.juedische-allgemeine.de\/unsere-woche\/herr-der-woerter\/<\/span><span style=\\\"font-weight: 400;\\\"><br \/><\/span><span style=\\\"font-weight: 400;\\\"><br \/><\/span><\/a><span style=\\\"font-weight: 400;\\\">*<\/span><span style=\\\"font-weight: 400;\\\"><br \/><\/span><span style=\\\"font-weight: 400;\\\"><br \/><\/span><span style=\\\"font-weight: 400;\\\">Interview in the magazine <\/span><a rel=\\\"noopener\\\" href=\\\"http:\/\/tendaysaweek.de\/\\\" target=\\\"_blank\\\"><span style=\\\"font-weight: 400;\\\">Ten Days A Week<\/span><\/a><span style=\\\"font-weight: 400;\\\"> (Hamburg, June 10, 2019):<\/span><\/p><p>\u00a0<\/p><p><span style=\\\"font-weight: 400;\\\">Cris Sebiger-Bertram, founder and writer of independent journalism website <\/span><a rel=\\\"noopener\\\" href=\\\"https:\/\/tendaysaweek.de\\\" target=\\\"_blank\\\"><span style=\\\"font-weight: 400;\\\">Tendaysaweek<\/span><\/a><span style=\\\"font-weight: 400;\\\"> asked me in German and I answered in English. In this interview I share reflections on my poetics and tell the story behind the international reading series Hafen Lesung, which I co-founded in Hamburg. Tendaysaweek also published one of my poems (\\\"What I gave is the only thing I keep\\\") in its German translation by Monika Rinck. As a creative collaborator of the interview, Christoph Hoemann made <\/span><a rel=\\\"noopener\\\" href=\\\"https:\/\/vimeo.com\/339059110\\\" target=\\\"_blank\\\"><span style=\\\"font-weight: 400;\\\">a\u00a0 v\u00edvideo portrait<\/span><\/a><span style=\\\"font-weight: 400;\\\"> which includes a recording of my voice reading that poem.<\/span><span style=\\\"font-weight: 400;\\\"><br \/><\/span><span style=\\\"font-weight: 400;\\\"><br \/><\/span><span style=\\\"font-weight: 400;\\\">Read the full interview here: <\/span><a rel=\\\"noopener\\\" href=\\\"http:\/\/tendaysaweek.de\/little-art-affair\/tomas-cohen\/\\\" target=\\\"_blank\\\"><span style=\\\"font-weight: 400;\\\">http:\/\/tendaysaweek.de\/little-art-affair\/tomas-cohen\/<\/span><\/a><\/p><p>\u00a0<\/p><p><span style=\\\"font-weight: 400;\\\">*<\/span><span style=\\\"font-weight: 400;\\\"><br \/><\/span><span style=\\\"font-weight: 400;\\\"><br \/><\/span><span style=\\\"font-weight: 400;\\\">Interview for the Consulate of Chile in Hamburg (Chile-Germany, April 29, 2019):<\/span><\/p><p>\u00a0<\/p><p><span style=\\\"font-weight: 400;\\\">Grateful to Piera Ignacia Sanchez and Erwan Varas from the Chilean Consulate in Hamburg for this interview in which I answer myself about what took me to Nepal and what I ended up doing in Germany. <\/span><span style=\\\"font-weight: 400;\\\">The photo is <\/span><span style=\\\"font-weight: 400;\\\">by <\/span><a rel=\\\"noopener\\\" href=\\\"http:\/\/www.heikeblenk-photographer.com\\\" target=\\\"_blank\\\"><span style=\\\"font-weight: 400;\\\">Heike Blenk<\/span><\/a><a target=\\\"_blank\\\"><span style=\\\"font-weight: 400;\\\">.<\/span><\/a><span style=\\\"font-weight: 400;\\\"><br \/><\/span><span style=\\\"font-weight: 400;\\\"><br \/><\/span><span style=\\\"font-weight: 400;\\\">Read the full interview here: <\/span><a rel=\\\"noopener\\\" href=\\\"https:\/\/chile.gob.cl\/hamburgo\/noticias\/entrevista-tomas-cohen-su-viaje-a-traves-de-la-literatura\\\" target=\\\"_blank\\\"><span style=\\\"font-weight: 400;\\\">https:\/\/chile.gob.cl\/hamburgo\/noticias\/entrevista-tomas-cohen-su-viaje-a-traves-de-la-literatura<\/span><span style=\\\"font-weight: 400;\\\"><br \/><\/span><span style=\\\"font-weight: 400;\\\"><br \/><\/span><\/a><span style=\\\"font-weight: 400;\\\">*<\/span><\/p><p>\u00a0<\/p><p><span style=\\\"font-weight: 400;\\\">Interview in Crevice (May 23, 2017, Romania)<\/span><span style=\\\"font-weight: 400;\\\">: how does visual art relate to your poetry? What is the impact of music on your writing? I answered Andra Rotaru these and other good questions for CREVICE, Romanian magazine for literature and multimedia. Included in the publication of the interview are images of some of my manuscripts and also a commentary on the principles behind the Found in Translation writer's collective and the Hafen Lesung reading series I co-direct in Hamburg.<\/span><span style=\\\"font-weight: 400;\\\"><br \/><\/span><span style=\\\"font-weight: 400;\\\"><br \/><\/span><span style=\\\"font-weight: 400;\\\">Read the full interview here: <\/span><a rel=\\\"noopener\\\" href=\\\"https:\/\/crevice.ro\/a-sense-of-perplexity-a-passion-for-freedom\/\\\" target=\\\"_blank\\\"><span style=\\\"font-weight: 400;\\\">https:\/\/crevice.ro\/a-sense-of-perplexity-a-passion-for-freedom\/<\/span><\/a><\/p><p>\u00a0<\/p><p><span style=\\\"font-weight: 400;\\\">*<\/span><span style=\\\"font-weight: 400;\\\"><br \/><\/span><span style=\\\"font-weight: 400;\\\"><br \/><\/span><span style=\\\"font-weight: 400;\\\">Interview in Sivuvaalo (<\/span><span style=\\\"font-weight: 400;\\\">Finland, May 16, 2016):<\/span><\/p><p>\u00a0<\/p><p><span style=\\\"font-weight: 400;\\\">\\\"Multilingual literature invites us to an \\\"art of suspicion\\\" in which the act of reading is made less certain. It makes us aware of a multiplicity of perspectives of the world through the coexistence of different languages. It empowers us with mind-opening doubts.\\\" I shared these and other reflections in a video interview with Peruvian writer Roxana Crix\u00f3logo, from the international writers' collective Sivuvalo in Helsinki, Finland.<\/span><\/p><p><span style=\\\"font-weight: 400;\\\"><br \/><\/span><span style=\\\"font-weight: 400;\\\">See the full interview here: <\/span><a rel=\\\"noopener\\\" href=\\\"https:\/\/www.youtube.com\/embed\/C1_a5Lk-3pE\\\" target=\\\"_blank\\\"><span style=\\\"font-weight: 400;\\\">https:\/\/www.youtube.com\/embed\/C1_a5Lk-3pE<\/span><\/a><\/p><p><span style=\\\"font-weight: 400;\\\"><br \/><\/span><span style=\\\"font-weight: 400;\\\">*<\/span><\/p><p>\u00a0<\/p><p><span style=\\\"font-weight: 400;\\\">Interviewed by Marina Lopez Riudoms (Sweden, February 1, 2016):<\/span><span style=\\\"font-weight: 400;\\\"><br \/><br \/><\/span><\/p><p><span style=\\\"font-weight: 400;\\\">I share this interview of Marina Lopez Riudoms, a Spanish academic based in Sweden, for her blog Perdida entre Culturas, in which I answer about my book \\\"Redoble del ronroneo, my literary activism in Hamburg and my work at <\/span><a rel=\\\"noopener\\\" href=\\\"http:\/\/www.asymptotejournal.com\\\" target=\\\"_blank\\\"><span style=\\\"font-weight: 400;\\\">AsymptotAsymptote<\/span><\/a><span style=\\\"font-weight: 400;\\\"><a target=\\\"_blank\\\">.<\/a> Photo by Vika Yarmilko.<\/span><span style=\\\"font-weight: 400;\\\"><br \/><\/span><span style=\\\"font-weight: 400;\\\"><br \/><\/span><span style=\\\"font-weight: 400;\\\">Read the full interview here: <\/span><a rel=\\\"noopener\\\" href=\\\"http:\/\/www.perdidaentreculturas.com\/tomas-cohen-fundador-de-las-lecturas-puerto-de-hamburgo\/\\\" target=\\\"_blank\\\"><span style=\\\"font-weight: 400;\\\">http:\/\/www.perdidaentreculturas.com\/tomas-cohen-fundador-de-las-lecturas-puerto-de-hamburgo\/<\/span><span style=\\\"font-weight: 400;\\\"><br \/><\/span><span style=\\\"font-weight: 400;\\\"><br \/><\/span><\/a><span style=\\\"font-weight: 400;\\\">*<\/span><\/p><p>\u00a0<\/p><p><span style=\\\"font-weight: 400;\\\">Interviewed by Raquel Abend (New York, October 19, 2014):<\/span><span style=\\\"font-weight: 400;\\\"><br \/><br \/><\/span><\/p><p><span style=\\\"font-weight: 400;\\\">I link to \\\"La distancia con la lengua materna allega dones al poeta\\\", an interview with Raquel Aben Van Dalen, a Venezuelan writer based in New York, for Expedientes Magenta, her series of interviews with Latin American writers. The photo is by <\/span><a rel=\\\"noopener\\\" href=\\\"http:\/\/monikasala.tumblr.com\\\" target=\\\"_blank\\\"><span style=\\\"font-weight: 400;\\\">Monika Sala<\/span><\/a><span style=\\\"font-weight: 400;\\\">.<\/span><span style=\\\"font-weight: 400;\\\"><br \/><\/span><span style=\\\"font-weight: 400;\\\"><br \/><\/span><span style=\\\"font-weight: 400;\\\">Read the full interview here: <\/span><a rel=\\\"noopener\\\" href=\\\"http:\/\/raquelabendvandalen.com\/2014\/10\/19\/la-distancia-con-la-lengua-materna\/\\\" target=\\\"_blank\\\"><span style=\\\"font-weight: 400;\\\">http:\/\/raquelabendvandalen.com\/2014\/10\/19\/la-distancia-con-la-lengua-materna\/<\/span><\/a><\/p>\",\r\n      \"align\": \"top\",\r\n      \"row\": 16,\r\n      \"col\": 0,\r\n      \"colspan\": 10,\r\n      \"offsetx\": 0,\r\n      \"offsety\": 0,\r\n      \"spaceabove\": 0,\r\n      \"spacebelow\": 0,\r\n      \"yvel\": 1,\r\n      \"push\": 0,\r\n      \"relid\": 41,\r\n      \"absolute_position\": false\r\n    }\r\n  ]\r\n}","phonegrid":"{\r\n  \"colCount\": 12,\r\n  \"colGutter\": 1,\r\n  \"rowGutters\": [\r\n    \"12\",\r\n    \"18\",\r\n    \"0\",\r\n    \"0\",\r\n    \"8\",\r\n    \"0\",\r\n    \"0\",\r\n    \"8\",\r\n    \"0\",\r\n    \"0\",\r\n    \"8\",\r\n    \"0\",\r\n    \"0\",\r\n    5,\r\n    \"0\",\r\n    \"0\"\r\n  ],\r\n  \"frameMargin\": 5,\r\n  \"leftFrameMargin\": 5,\r\n  \"rightFrameMargin\": 5,\r\n  \"topFrameMargin\": \"6\",\r\n  \"bottomFrameMargin\": \"12\",\r\n  \"rowAttrs\": [\r\n    {\r\n      \"relid\": 2\r\n    },\r\n    {\r\n      \"relid\": 4\r\n    },\r\n    {\r\n      \"relid\": 11\r\n    },\r\n    {\r\n      \"collapse\": true,\r\n      \"relid\": 19\r\n    },\r\n    {\r\n      \"collapse\": true,\r\n      \"relid\": 8\r\n    },\r\n    {\r\n      \"collapse\": false,\r\n      \"relid\": 10\r\n    },\r\n    {\r\n      \"collapse\": true,\r\n      \"relid\": 21\r\n    },\r\n    {\r\n      \"collapse\": true,\r\n      \"relid\": 12\r\n    },\r\n    {\r\n      \"relid\": 24\r\n    },\r\n    {\r\n      \"collapse\": true,\r\n      \"relid\": 30\r\n    },\r\n    {\r\n      \"collapse\": true,\r\n      \"relid\": 26\r\n    },\r\n    {\r\n      \"relid\": 36\r\n    },\r\n    {\r\n      \"collapse\": true,\r\n      \"relid\": 35\r\n    },\r\n    {\r\n      \"collapse\": true,\r\n      \"relid\": 33\r\n    },\r\n    {\r\n      \"relid\": 3\r\n    },\r\n    {\r\n      \"relid\": 44,\r\n      \"collapse\": true\r\n    },\r\n    {\r\n      \"relid\": 47,\r\n      \"collapse\": true\r\n    }\r\n  ],\r\n  \"bgColor\": \"#f9f9f9\",\r\n  \"bgImage\": null,\r\n  \"cont\": [\r\n    {\r\n      \"type\": \"text\",\r\n      \"cont\": \"<h1 class=\\\"_MENU\\\"><span style=\\\"color: #d9d9d9;\\\"><a style=\\\"color: #d9d9d9;\\\" href=\\\"https:\/\/www.tomascohen.info\/poetry\/\\\" data-id=\\\"40\\\" data-title=\\\"Poetry\\\" data-type=\\\"page\\\">Poetry<\/a>,<\/span> <span style=\\\"color: #d9d9d9;\\\"><a style=\\\"color: #d9d9d9;\\\" href=\\\"https:\/\/www.tomascohen.info\/artisticdirection\/\\\" data-id=\\\"33\\\" data-title=\\\"Artistic Direction\\\" data-type=\\\"page\\\">artistic direction<\/a>, <a style=\\\"color: #d9d9d9;\\\" href=\\\"https:\/\/www.tomascohen.info\/poetry-copy\/\\\" data-id=\\\"48\\\" data-title=\\\"Interviews\\\" data-type=\\\"page\\\">painting and drawing<\/a>, <a style=\\\"color: #d9d9d9;\\\" href=\\\"https:\/\/www.tomascohen.info\/translation\/\\\" data-id=\\\"49\\\" data-title=\\\"Translation\\\" data-type=\\\"page\\\">translation<\/a>, <a style=\\\"color: #d9d9d9;\\\" href=\\\"https:\/\/www.tomascohen.info\/poetry-and-music\/\\\" data-id=\\\"50\\\" data-title=\\\"Poetry and music\\\" data-type=\\\"page\\\">publications<\/a>, <span style=\\\"color: #000000;\\\"><a style=\\\"color: #000000;\\\" href=\\\"https:\/\/www.tomascohen.info\/press\/\\\" data-id=\\\"73\\\" data-title=\\\"press\\\" data-type=\\\"page\\\">press<\/a>,<\/span> <a style=\\\"color: #d9d9d9;\\\" href=\\\"https:\/\/www.tomascohen.info\/bio\/\\\" data-id=\\\"51\\\" data-title=\\\"Bio\\\" data-type=\\\"page\\\">bio<\/a>.<\/span><\/h1>\",\r\n      \"align\": \"bottom\",\r\n      \"row\": 0,\r\n      \"col\": 0,\r\n      \"colspan\": 12,\r\n      \"offsetx\": 0,\r\n      \"offsety\": 0,\r\n      \"spaceabove\": 0,\r\n      \"spacebelow\": 0,\r\n      \"yvel\": 1,\r\n      \"push\": 0,\r\n      \"relid\": 5,\r\n      \"absolute_position\": false,\r\n      \"stickytop\": \"111\",\r\n      \"frameOverflow\": \"\"\r\n    },\r\n    {\r\n      \"type\": \"text\",\r\n      \"cont\": \"<p><span style=\\\"font-weight: 400; font-family: Switzer-Italic;\\\">Here you can read reviews of my books and interviews published in print and online media.<\/span><\/p>\",\r\n      \"align\": \"top\",\r\n      \"row\": 1,\r\n      \"col\": 0,\r\n      \"colspan\": 12,\r\n      \"offsetx\": 0,\r\n      \"offsety\": 0,\r\n      \"spaceabove\": 0,\r\n      \"spacebelow\": 0,\r\n      \"yvel\": 1,\r\n      \"push\": 0,\r\n      \"relid\": 43,\r\n      \"absolute_position\": false\r\n    },\r\n    {\r\n      \"type\": \"text\",\r\n      \"cont\": \"<h1 class=\\\"_H1\\\"><span style=\\\"font-family: Rowan-Italic;\\\"><span style=\\\"color: #000000;\\\"><span style=\\\"font-weight: 400;\\\"><span style=\\\"font-family: Rowan-Regular;\\\">Reviews of<\/span> <\/span><i><span style=\\\"font-weight: 400;\\\">Eine Sternwarte im Badezimmer<\/span><\/i><span style=\\\"font-weight: 400;\\\"><span style=\\\"font-family: Rowan-Regular;\\\"> (Elif Verlag, 2023)<\/span>\u00a0<\/span><span style=\\\"font-weight: 400;\\\"><br \/><\/span><\/span> <\/span><\/h1>\",\r\n      \"align\": \"top\",\r\n      \"row\": 2,\r\n      \"col\": 0,\r\n      \"colspan\": 11,\r\n      \"offsetx\": 0,\r\n      \"offsety\": 0,\r\n      \"spaceabove\": 0,\r\n      \"spacebelow\": 0,\r\n      \"yvel\": 1,\r\n      \"push\": 0,\r\n      \"relid\": 6,\r\n      \"absolute_position\": false\r\n    },\r\n    {\r\n      \"type\": \"text\",\r\n      \"cont\": \"<p style=\\\"text-align: right; line-height: 1;\\\"><span style=\\\"font-size: 43px; font-family: Rowan-Medium; color: #000000;\\\"><a style=\\\"color: #000000;\\\" href=\\\"#expandrow\\\" data-expand=\\\"19,8,3\\\" data-animation=\\\"400\\\" data-animationtiming=\\\"cubic-bezier(0.17,0.84,0.44,1)\\\" data-collapseotherrows=\\\"false\\\" data-scrolltoexpandedrow=\\\"false\\\" data-replacementtext=\\\"-\\\">+<\/a><\/span><\/p>\",\r\n      \"align\": \"bottom\",\r\n      \"row\": 2,\r\n      \"col\": 11,\r\n      \"colspan\": 1,\r\n      \"offsetx\": 0,\r\n      \"offsety\": 0,\r\n      \"spaceabove\": 0,\r\n      \"spacebelow\": 0,\r\n      \"yvel\": 1,\r\n      \"push\": 0,\r\n      \"relid\": 1,\r\n      \"absolute_position\": false\r\n    },\r\n    {\r\n      \"type\": \"text\",\r\n      \"cont\": \"<p><span style=\\\"color: #f9f9f9;\\\">A<\/span><\/p>\",\r\n      \"align\": \"top\",\r\n      \"row\": 3,\r\n      \"col\": 0,\r\n      \"colspan\": 2,\r\n      \"offsetx\": 0,\r\n      \"offsety\": 0,\r\n      \"spaceabove\": 0,\r\n      \"spacebelow\": 0,\r\n      \"yvel\": 1,\r\n      \"push\": 0,\r\n      \"relid\": 20,\r\n      \"absolute_position\": false\r\n    },\r\n    {\r\n      \"type\": \"text\",\r\n      \"cont\": \"<p><span style=\\\"font-weight: 400;\\\">Paul-Henry Campbell on the poem \\\"Homage\\\" in Volltext (Nr. 4\/2023), Austrian literary magazine (Austria, December 2023):<\/span><\/p><p><span style=\\\"font-weight: 400;\\\"><br \/><\/span><i><span style=\\\"font-weight: 400;\\\">In this poem, biography plays a haunting role: \\\"the father in the son, that every death encourages\\\" takes a stand on something that perhaps all the world's religions struggle with in their own way and that Shakespeare called \\\"The chain of being.\\\" As this poem delicately expresses, it is about the insight that only patience, long patience with becoming, can give. Translated from the Spanish by Luisa Donnerberg, in this poem by Tom\u00e1s Cohen we contemplate in awe what is gone and yet remains, what is closed and yet lies open before us in its muteness. This homage opens with an astonishment at our own carelessness: \\\"late and celebrated \/ I would now be by your bedside.\\\" As if, in the impetuosity and drunkenness of celebration, one had neglected to stand beside those who are the origin and provenance; as if one had overlooked the chain from ancestors to the after-born, because the impatient soul was intoxicated, because it had to be intoxicated with the celebration of life. <\/span><\/i><span style=\\\"font-weight: 400;\\\"><br \/><\/span><span style=\\\"font-weight: 400;\\\"><br \/><\/span><span style=\\\"font-weight: 400;\\\">Read the full review here: <\/span><a rel=\\\"noopener\\\" href=\\\"https:\/\/volltext.net\/produkt\/volltext-4-2023\/\\\" target=\\\"_blank\\\"><span style=\\\"font-weight: 400;\\\">https:\/\/volltext.net\/produkt\/volltext-4-2023\/<\/span><\/a><\/p>\",\r\n      \"align\": \"top\",\r\n      \"row\": 4,\r\n      \"col\": 0,\r\n      \"colspan\": 12,\r\n      \"offsetx\": 0,\r\n      \"offsety\": 0,\r\n      \"spaceabove\": 0,\r\n      \"spacebelow\": 0,\r\n      \"yvel\": 1,\r\n      \"push\": 0,\r\n      \"relid\": 9,\r\n      \"absolute_position\": false,\r\n      \"frameOverflow\": \"\"\r\n    },\r\n    {\r\n      \"type\": \"text\",\r\n      \"cont\": \"<h1 class=\\\"_H1\\\"><span style=\\\"color: #000000;\\\"><span style=\\\"font-family: Rowan-Italic;\\\"><span style=\\\"font-weight: 400;\\\"><span style=\\\"font-family: Rowan-Regular;\\\">Reviews of<\/span> <\/span><i><span style=\\\"font-weight: 400;\\\">Tr\u00edada mayor<\/span><\/i><span style=\\\"font-weight: 400;\\\"><span style=\\\"font-family: Rowan-Regular;\\\"> (Siesta Verlag, 2023)<\/span>\u00a0<\/span><span style=\\\"font-weight: 400;\\\"><br \/><\/span><\/span><\/span><\/h1>\",\r\n      \"align\": \"top\",\r\n      \"row\": 5,\r\n      \"col\": 0,\r\n      \"colspan\": 11,\r\n      \"offsetx\": 0,\r\n      \"offsety\": 0,\r\n      \"spaceabove\": 0,\r\n      \"spacebelow\": 0,\r\n      \"yvel\": 1,\r\n      \"push\": 0,\r\n      \"relid\": 13,\r\n      \"absolute_position\": false\r\n    },\r\n    {\r\n      \"type\": \"text\",\r\n      \"cont\": \"<p style=\\\"text-align: right; line-height: 1;\\\"><span style=\\\"font-size: 43px; font-family: Rowan-Medium; color: #000000;\\\"><a style=\\\"color: #000000;\\\" href=\\\"#expandrow\\\" data-expand=\\\"21,12,16\\\" data-animation=\\\"400\\\" data-animationtiming=\\\"cubic-bezier(0.17,0.84,0.44,1)\\\" data-collapseotherrows=\\\"false\\\" data-scrolltoexpandedrow=\\\"false\\\" data-replacementtext=\\\"-\\\">+<\/a><\/span><\/p>\",\r\n      \"align\": \"bottom\",\r\n      \"row\": 5,\r\n      \"col\": 11,\r\n      \"colspan\": 1,\r\n      \"offsetx\": 0,\r\n      \"offsety\": 0,\r\n      \"spaceabove\": 0,\r\n      \"spacebelow\": 0,\r\n      \"yvel\": 1,\r\n      \"push\": 0,\r\n      \"relid\": 7,\r\n      \"absolute_position\": false\r\n    },\r\n    {\r\n      \"type\": \"text\",\r\n      \"cont\": \"<p><span style=\\\"color: #f9f9f9;\\\">A<\/span><\/p>\",\r\n      \"align\": \"top\",\r\n      \"row\": 6,\r\n      \"col\": 0,\r\n      \"colspan\": 2,\r\n      \"offsetx\": 0,\r\n      \"offsety\": 0,\r\n      \"spaceabove\": 0,\r\n      \"spacebelow\": 0,\r\n      \"yvel\": 1,\r\n      \"push\": 0,\r\n      \"relid\": 22,\r\n      \"absolute_position\": false\r\n    },\r\n    {\r\n      \"type\": \"text\",\r\n      \"cont\": \"<p>-<\/p>\",\r\n      \"align\": \"top\",\r\n      \"row\": 7,\r\n      \"col\": 0,\r\n      \"colspan\": 12,\r\n      \"offsetx\": 0,\r\n      \"offsety\": 0,\r\n      \"spaceabove\": 0,\r\n      \"spacebelow\": 0,\r\n      \"yvel\": 1,\r\n      \"push\": 0,\r\n      \"relid\": 15,\r\n      \"absolute_position\": false\r\n    },\r\n    {\r\n      \"type\": \"text\",\r\n      \"cont\": \"<h1 class=\\\"_H1\\\"><span style=\\\"color: #000000;\\\"><span style=\\\"font-family: Rowan-Italic;\\\"><span style=\\\"font-weight: 400;\\\"><span style=\\\"font-family: Rowan-Regular;\\\">Reviews of<\/span> <\/span><i><span style=\\\"font-weight: 400;\\\">Un \u00e1rbol de luz \u00edntima<\/span><\/i><span style=\\\"font-weight: 400; font-family: Rowan-Regular;\\\"> (Ediciones Bastante, 2019)\u00a0<\/span><br \/><\/span><\/span><\/h1>\",\r\n      \"align\": \"top\",\r\n      \"row\": 8,\r\n      \"col\": 0,\r\n      \"colspan\": 11,\r\n      \"offsetx\": 0,\r\n      \"offsety\": 0,\r\n      \"spaceabove\": 0,\r\n      \"spacebelow\": 0,\r\n      \"yvel\": 1,\r\n      \"push\": 0,\r\n      \"relid\": 25,\r\n      \"absolute_position\": false,\r\n      \"frameOverflow\": \"\"\r\n    },\r\n    {\r\n      \"type\": \"text\",\r\n      \"cont\": \"<p style=\\\"text-align: right; line-height: 1;\\\"><span style=\\\"font-size: 43px; font-family: Rowan-Medium; color: #000000;\\\"><a style=\\\"color: #000000;\\\" href=\\\"#expandrow\\\" data-expand=\\\"30,26,27\\\" data-animation=\\\"400\\\" data-animationtiming=\\\"cubic-bezier(0.17,0.84,0.44,1)\\\" data-collapseotherrows=\\\"false\\\" data-scrolltoexpandedrow=\\\"false\\\" data-replacementtext=\\\"-\\\">+<\/a><\/span><\/p>\",\r\n      \"align\": \"bottom\",\r\n      \"row\": 8,\r\n      \"col\": 11,\r\n      \"colspan\": 1,\r\n      \"offsetx\": 0,\r\n      \"offsety\": 0,\r\n      \"spaceabove\": 0,\r\n      \"spacebelow\": 0,\r\n      \"yvel\": 1,\r\n      \"push\": 0,\r\n      \"relid\": 18,\r\n      \"absolute_position\": false\r\n    },\r\n    {\r\n      \"type\": \"text\",\r\n      \"cont\": \"<p><span style=\\\"color: #f9f9f9;\\\">A<\/span><\/p>\",\r\n      \"align\": \"middle\",\r\n      \"row\": 9,\r\n      \"col\": 0,\r\n      \"colspan\": 2,\r\n      \"offsetx\": 0,\r\n      \"offsety\": 0,\r\n      \"spaceabove\": 0,\r\n      \"spacebelow\": 0,\r\n      \"yvel\": 1,\r\n      \"push\": 0,\r\n      \"relid\": 31,\r\n      \"absolute_position\": false\r\n    },\r\n    {\r\n      \"type\": \"text\",\r\n      \"cont\": \"<p><span style=\\\"font-weight: 400;\\\">Blurb of the book by the publishing house <\/span><span style=\\\"font-weight: 400;\\\">(Chile, December 2019)<\/span><span style=\\\"font-weight: 400;\\\">:<\/span><span style=\\\"font-weight: 400;\\\"><br \/><br \/><\/span><\/p><p><i><span style=\\\"font-weight: 400;\\\">This tree of intimate light has roots in childhood invoked as a key to the present; its branches, laden with the death of loved ones, sound with the \\\"<\/span><\/i><i><span style=\\\"font-weight: 400;\\\">dioma \/ entra\u00f1able que te extra\u00f1a, extranjero, pr\u00f3digo\u201d<\/span><\/i><i><span style=\\\"font-weight: 400;\\\">\\\". In this book by Tom\u00e1s Cohen the house menstruates, one can choose mother and be grandmother's father; his poems are populated by insects, fossils and composers. From Buddhism Cohen enters into communion with nature, evokes his native Pelluhue and his years in Kathmandu. His nomadic vignettes pass through Helsinki, Bach's organ in St. Katherin and an accident in Hamburg. Exposed to police repression, he questions \\\"<\/span><\/i><i><span style=\\\"font-weight: 400;\\\">la injusticia encarnada en uno<\/span><\/i><i><span style=\\\"font-weight: 400;\\\">\\\" and asks \\\"<\/span><\/i><i><span style=\\\"font-weight: 400;\\\">mu\u00e9strame \/ lo peor que hayas hecho \/ para all\u00ed hermanarnos<\/span><\/i><i><span style=\\\"font-weight: 400;\\\">\\\" in his Prologue at the end, which invites us to reread from the beginning. <\/span><\/i><i><span style=\\\"font-weight: 400;\\\"><br \/><\/span><\/i><i><span style=\\\"font-weight: 400;\\\"><br \/><\/span><\/i><span style=\\\"font-weight: 400;\\\">Read the complete note here: <\/span><a rel=\\\"noopener\\\" href=\\\"https:\/\/bastante.cl\/producto\/un-arbol-de-luz-intimatomas-cohen\/?currency=CLP\\\" target=\\\"_blank\\\"><span style=\\\"font-weight: 400;\\\">https:\/\/bastante.cl\/producto\/un-arbol-de-luz-intimatomas-cohen\/?currency=CLP<\/span><\/a><\/p><p><i><span style=\\\"font-weight: 400;\\\"><br \/><\/span><\/i><i><span style=\\\"font-weight: 400;\\\">*<\/span><\/i><\/p><p><span style=\\\"font-weight: 400;\\\"><br \/><\/span><span style=\\\"font-weight: 400;\\\">Review of Un \u00e1rbol de luz \u00edntima by <\/span><a rel=\\\"noopener\\\" href=\\\"https:\/\/es.wikipedia.org\/wiki\/Leonardo_Sanhueza\\\" target=\\\"_blank\\\"><span style=\\\"font-weight: 400;\\\">Leonardo Sanhueza<\/span><\/a><span style=\\\"font-weight: 400;\\\"> in the newspaper Las \u00daltimas Noticias, Chile (January 6, 2020):<\/span><span style=\\\"font-weight: 400;\\\"><br \/><\/span><span style=\\\"font-weight: 400;\\\"><br \/><\/span><i><span style=\\\"font-weight: 400;\\\">Like the tree of the title, the volume branches in several directions, from the trunk of childhood to the family. [...] The constant travels that occur in Cohen's book, from Chile to Germany, Finland and Nepal, share a vision strongly influenced by Buddhism. [...] The spiritual quest [...] of the poems thus clings to essential questions and dares to explore the possibility of communication between people and beings.<\/span><\/i><span style=\\\"font-weight: 400;\\\"><br \/><br \/><\/span><\/p><p><span style=\\\"font-weight: 400;\\\">*<\/span><\/p><p><span style=\\\"font-weight: 400;\\\"><br \/><\/span><span style=\\\"font-weight: 400;\\\">Review by <\/span><span style=\\\"font-weight: 400;\\\">Juan Rodr\u00edguez of <\/span><span style=\\\"font-weight: 400;\\\">Un \u00e1rbol de luz \u00edntima (<\/span><span style=\\\"font-weight: 400;\\\">in dialogue with a book by Edgardo Cozarinsky). <\/span><a rel=\\\"noopener\\\" href=\\\"https:\/\/en.wikipedia.org\/wiki\/Edgardo_Cozarinsky\\\" target=\\\"_blank\\\"><span style=\\\"font-weight: 400;\\\">Edgardo Cozarinsky<\/span><\/a><span style=\\\"font-weight: 400;\\\">) in the online literary magazine Saposcat (Chile, 2020):<\/span><span style=\\\"font-weight: 400;\\\"><br \/><\/span><span style=\\\"font-weight: 400;\\\"><br \/><\/span><i><span style=\\\"font-weight: 400;\\\">..in these poems there are children and adults, children, parents and grandparents; although the voice is always that of a child, even if it is that of the adult who was a child: \\\"I portray from memory a child \/ of those in love with the old \/ the child I was, with millions of years in my hands.\\\"<\/span><\/i><i><span style=\\\"font-weight: 400;\\\"><br \/><\/span><\/i><i><span style=\\\"font-weight: 400;\\\">What is a child? It is a person, or at least a human being; it is someone who is going to die. It is an uncertainty (\\\"howling away also a flock \/ like shattered shadow, like dice thrown \/ until reaching the next generation,\\\" Cohen says), it is a body coming out of a body. A child is something we will cease to be, or not, when it is written: \\\"and babbled, narrating Lazarus\\\".<\/span><\/i><i><span style=\\\"font-weight: 400;\\\"><br \/><\/span><\/i><i><span style=\\\"font-weight: 400;\\\">What does the poet -Cohen- open when he says he opens something that is like an old mahogany box, a box, he says, \\\"without cigars \/ but always with fresh fragrance\\\". Is it memory, is it the book we read, is it a box with photos?<\/span><\/i><i><span style=\\\"font-weight: 400;\\\"><br \/><\/span><\/i><i><span style=\\\"font-weight: 400;\\\">Is it all the ghosts of childhood? \\\"To go away like this, through dirt courts buried in pavement \/ checking the discharge of the bell \/ successful in my skin still - so to go away \/ kidnapped by my punctual ghosts \/ my childish anxieties and cries...\\\", Cohen writes. They seem in fact, those anxieties and cries, the ghosts of an adult. Childhood, perhaps, is the fantasy world of adults; a way of seeing and speaking to oneself. Memory, let us remember, is imagination: \\\"Come my child \/ to accompany his adult \/ (who is not his father, but his grave) \/ and give him the affection \/ that a prisoner gives to his bars\\\".<\/span><\/i><i><span style=\\\"font-weight: 400;\\\"><br \/><\/span><\/i><i><span style=\\\"font-weight: 400;\\\">A child, yes, is a body and it is not a body, it is something that will die: it is a possibility that will become real; and that in the meantime is remembered and reminds us. A philosopher said \\\"friends, there are no friends\\\"; we might ask, reading Cohen: children, are there no children?<\/span><\/i><span style=\\\"font-weight: 400;\\\"><br \/><\/span><span style=\\\"font-weight: 400;\\\"><br \/><\/span><span style=\\\"font-weight: 400;\\\">Read the full review here: <\/span><a rel=\\\"noopener\\\" href=\\\"http:\/\/saposcat.cl\/cuerpos-y-fantasmas-notas-al-margen-de-dos-poetas-juan-rodriguez-m\/\\\" target=\\\"_blank\\\"><span style=\\\"font-weight: 400;\\\">http:\/\/saposcat.cl\/cuerpos-y-fantasmas-notas-al-margen-de-dos-poetas-juan-rodriguez-m\/<\/span><\/a><\/p><p><span style=\\\"font-weight: 400;\\\">\u00a0<\/span><\/p><p><span style=\\\"font-weight: 400;\\\">*<\/span><\/p><p><span style=\\\"font-weight: 400;\\\"><br \/><\/span><span style=\\\"font-weight: 400;\\\">Review by Pascual Brodsky of Un \u00e1rbol de luz \u00edntima in Revista Lecturas (Chile, July 28, 2020):<\/span><span style=\\\"font-weight: 400;\\\"><br \/><\/span><span style=\\\"font-weight: 400;\\\"><br \/><\/span><i><span style=\\\"font-weight: 400;\\\">Un \u00e1rbol de luz \u00edntima took me to a stream that runs through Gabriela Mistral's poetry, crossed by ocotes, poppies, traros, coyotes and pumas, and at the same time by angels, sphinxes, mystical bodies that disassociate themselves on the roads. Tomas Cohen slurps and opens other grooves to this slope, bordered by an intimacy with creatures, plants and minerals, with the need to sustain a pulse without justification; and on the other hand, the almost alien strangeness of being here only in passing.<\/span><\/i><i><span style=\\\"font-weight: 400;\\\"><br \/><\/span><\/i><i><span style=\\\"font-weight: 400;\\\">[...] the writing of this book wants to detach itself from its \\\"I\\\", to make room for the beings and places that surround and sustain it. That is why he also refers to the residential Neruda, in which the verses are entangled and agglutinated as an echo of the world, the words extend their contours, they become like a region of experience that crosses time and appearance, but without tearing them from their secret. In a poem dedicated to \\\"the dead mentor\\\", the disconcerted voice rumbles before the separation with the other, and the body and its image alone are perceived as a hindrance, a kind of casing that one wishes to break.<\/span><\/i><\/p><p><i><span style=\\\"font-weight: 400;\\\">Before the window of the coffin, the image of the other is not enough, it is his silence that seems to tear the one who is left alive, the impossible rhythm in the \\\"cracked membrane of a drum\\\". And in the end, it is the isolated and personal reflection in the window that one wants to disprove with touch and breath. It is the return to the bodies as sediments of time that these poems will insist on, indicated in the journey \\\"from the eardrum to the shell\\\", in which the ear is also preferred to the eye as the poetic organ. Remembering in the word what in it persists as a moan, the speaker discovers himself as an animal, and the poem as a tissue and creature.<\/span><\/i><i><span style=\\\"font-weight: 400;\\\"><br \/><\/span><\/i><i><span style=\\\"font-weight: 400;\\\">Nor is it a light that illuminates in order to know. The song \\\"secretly changes\\\" the listener, perhaps in the double sense that \\\"the procession goes inside\\\"; and that the song points to something that persists elusive to words, and that is why it is a song that wants to be free of any imposition to \\\"be clear\\\", to communicate completely, to discover or confess itself.<\/span><\/i><span style=\\\"font-weight: 400;\\\"><br \/><br \/><\/span><\/p><p><span style=\\\"font-weight: 400;\\\">Read the full review here: <\/span><a rel=\\\"noopener\\\" href=\\\"http:\/\/www.revistalecturas.cl\/cancion-de-hoguera-partir-de-un-arbol-de-luz-intima-de-tomas-cohen-por-pascual-brodsky\/\\\" target=\\\"_blank\\\"><span style=\\\"font-weight: 400;\\\">http:\/\/www.revistalecturas.cl\/cancion-de-hoguera-partir-de-un-arbol-de-luz-intima-de-tomas-cohen-por-pascual-brodsky\/<\/span><\/a><\/p><p><span style=\\\"font-weight: 400;\\\">\u00a0<\/span><\/p><p><span style=\\\"font-weight: 400;\\\">*<\/span><span style=\\\"font-weight: 400;\\\"><br \/><\/span><span style=\\\"font-weight: 400;\\\"><br \/><\/span><span style=\\\"font-weight: 400;\\\">Review by <\/span><a rel=\\\"noopener\\\" href=\\\"https:\/\/matiasceledon.com\/bio\/\\\" target=\\\"_blank\\\"><span style=\\\"font-weight: 400;\\\">Mat\u00edas Celed\u00f3n<\/span><\/a><span style=\\\"font-weight: 400;\\\"> on Un \u00e1rbol de luz \u00edntima in Vallejo y Co. (Peru, June 21, 2020):<\/span><span style=\\\"font-weight: 400;\\\"><br \/><br \/><\/span><\/p><p><i><span style=\\\"font-weight: 400;\\\">...this Tree of intimate light [...], dedicated by the author to his parents and grandparents, in that order, sowing a sense of reading: from the beginning, the poet advances towards his roots, or if you will, he buries himself by going into the depths.<\/span><\/i><\/p><p><i><span style=\\\"font-weight: 400;\\\">The image of a wooden box that opens, present in the form of coffins and in the thresholds suggested by the title that gathers the first of the four series of poems (\\\"Goznes\\\"), transmutes the leaves of the tree into pages containing doors and windows through which Cohen peeks out various faces, hunting insects or caressing fossils. The hinge is the hinge, a piece of hinged hardware with which the leaves of the doors and windows are attached to the hinge. These first pages of poems open like luminous passages, but of forbidden transit.<\/span><\/i><i><span style=\\\"font-weight: 400;\\\"><br \/><\/span><\/i><i><span style=\\\"font-weight: 400;\\\">Cohen imagines the world he contemplates. He approaches inspiration like someone searching for a river. He observes by listening, he distinguishes the materials by their sounds. [Cohen works with the classical in a deliberate way, as a gesture of subversion to the empty rupture with the tradition of certain contemporary aesthetics. In the poem \\\"No insectarium\\\", he gathers in a transparent point of time his own natural history museum, where bugs climb up the bark and survive among the roots. There are in the miniature and in the delicate insects that inhabit this Tree..., images that crisp, words sensitive to touch.<\/span><\/i><\/p><p><i><span style=\\\"font-weight: 400;\\\">In this book, Tom\u00e1s Cohen invokes the voices that have moved his attentive and privileged listening in the middle of his journey. Let us toast to his roots under the luminous canopy of this growing tree.<\/span><\/i><\/p><p><span style=\\\"font-weight: 400;\\\"><br \/><\/span><span style=\\\"font-weight: 400;\\\">Read the full review here: <\/span><a rel=\\\"noopener\\\" href=\\\"http:\/\/www.vallejoandcompany.com\/sobre-un-arbol-de-luz-intima-2019-de-tomas-cohen\/\\\" target=\\\"_blank\\\"><span style=\\\"font-weight: 400;\\\">http:\/\/www.vallejoandcompany.com\/sobre-un-arbol-de-luz-intima-2019-de-tomas-cohen\/<\/span><\/a><\/p><p><span style=\\\"font-weight: 400;\\\">\u00a0<\/span><\/p><p><span style=\\\"font-weight: 400;\\\">*<\/span><span style=\\\"font-weight: 400;\\\"><br \/><\/span><span style=\\\"font-weight: 400;\\\"><br \/><\/span><span style=\\\"font-weight: 400;\\\">Tes Nehu\u00e9n's review of Un \u00e1rbol de luz \u00edntima in the online poetry portal Poemas del Alma (June 16, 2020):<\/span><\/p><p><span style=\\\"font-weight: 400;\\\">\u00a0<\/span><\/p><p><i><span style=\\\"font-weight: 400;\\\">\\\"Un \u00e1rbol de luz \u00edntima\\\" by Tom\u00e1s Cohen is a collection of poems of inner inquiry about childhood and the imprint that the experiences of the past have on the present. But it is written not from the contrition or the regret of what was lost, but from the resignation of the brevity of life and the desire to see beyond what we touch.<\/span><\/i><\/p><p><i><span style=\\\"font-weight: 400;\\\">On this path of spiritual restlessness, the poet stumbles, and I say well, because this is a distinctive feature of the book, the way in which things appear. As we read, we can notice that the certainty of the voice fades and he seems to hesitate as he goes from one subject to the next, as if he were facing a path that has not been measured in advance. As if the only possible conviction were that of the journey, but the destination is absolutely unknown. And that is why, I say, the poet stumbles over things, names them, remembers them, and continues on his way, without stopping too long. Because what he really wants is to put together a kind of album, like Blake's so childish and so gloomy, that will allow him to reconstruct his identity.<\/span><\/i><\/p><p><i><span style=\\\"font-weight: 400;\\\">Although there is a melancholy that hovers over the whole book, and leads to the idea that each day may be the last, each visit as the last farewell, as he says in one of the poems, this is not the feeling that prevails, rather it is a kind of detachment, bordering on coldness in certain fragments. And in that sense I have perceived that strangeness that foreignness brings and that gives so much pulse to the work of certain poets. How to write a book with forceful tributes to family members who have been left behind, either because death has imposed this distance, or because the writer's own foreignness has done it, without falling into the feeling of melancholy that always tinges this kind of poems. This seems to be one of the primary searches of this book.<\/span><\/i><\/p><p><i><span style=\\\"font-weight: 400;\\\">This is a book that works with memory as a great net, where there are prismatic reflections, where the things that were are transformed according to the new look, where houses always lead to other houses, and within all of them there is room for a different world. This can also be read as a nod to the work of Blake, who gave so much importance to the universe, who fought so hard through his art to recognize other possible forms of life and language. And the identity of this collection of poems also seems to lie in this endeavor.<\/span><\/i><\/p><p><i><span style=\\\"font-weight: 400;\\\">At this point we would have to point out that the way in which the poems are constructed is more electric. The poems are like sparks that explain situations, experiences, emotions of the past, but as I said, without dwelling too much on them. Images that overlap, until they constitute that album that allows the poet to have before his eyes a record of the subterfuge links that are interwoven in the various stages of life.<\/span><\/i><\/p><p><i><span style=\\\"font-weight: 400;\\\">...structural symmetry, one of the most outstanding features of this book, announces the solid search of a well-formed poet.<\/span><\/i><\/p><p><span style=\\\"font-weight: 400;\\\">\u00a0<\/span><\/p><p><span style=\\\"font-weight: 400;\\\">Read the full review here: <\/span><a rel=\\\"noopener\\\" href=\\\"https:\/\/www.poemas-del-alma.com\/blog\/especiales\/arbol-intima-tomas-cohen\\\" target=\\\"_blank\\\"><span style=\\\"font-weight: 400;\\\">https:\/\/www.poemas-del-alma.com\/blog\/especiales\/arbol-intima-tomas-cohen<\/span><\/a><\/p><p><span style=\\\"font-weight: 400;\\\">\u00a0<\/span><\/p><p><span style=\\\"font-weight: 400;\\\">*<\/span><\/p><p><span style=\\\"font-weight: 400;\\\">\u00a0<\/span><\/p><p><span style=\\\"font-weight: 400;\\\">Greek translator Ati Solerti on Un \u00e1rbol de luz \u00edntima in the literature journal Vaxikon (Athens, 2020):<\/span><\/p><p><span style=\\\"font-weight: 400;\\\"><i>Tomas Cohen's new book entitled A Tree of Intimate Light is a journey for the mind that from the root of memory rises to the sky that nourishes it with emotions and the mirages it encounters. Cohen's writing enriches the idea of memory with metaphors about the loved ones we carry within, proposing an exchange of the roles they can play in our lives.<\/i><br \/><br \/>Read the full review here<b>: <\/b><a rel=\\\"noopener\\\" href=\\\"http:\/\/www.vakxikon.gr\/cohen-dentro\/\\\" target=\\\"_blank\\\" data-id=\\\"0\\\">www.vakxikon.gr\/cohen-dentro\/<\/a><br \/><\/span><\/p>\",\r\n      \"align\": \"top\",\r\n      \"row\": 10,\r\n      \"col\": 0,\r\n      \"colspan\": 12,\r\n      \"offsetx\": 0,\r\n      \"offsety\": 0,\r\n      \"spaceabove\": 0,\r\n      \"spacebelow\": 0,\r\n      \"yvel\": 1,\r\n      \"push\": 0,\r\n      \"relid\": 29,\r\n      \"absolute_position\": false,\r\n      \"frameOverflow\": \"\"\r\n    },\r\n    {\r\n      \"type\": \"text\",\r\n      \"cont\": \"<h1 class=\\\"_H1\\\"><span style=\\\"color: #000000;\\\"><span style=\\\"font-family: Rowan-Italic;\\\"><span style=\\\"font-weight: 400;\\\"><span style=\\\"font-family: Rowan-Regular;\\\">Reviews of<\/span> <i>Redoble del ronroneo<\/i> <span style=\\\"font-family: Rowan-Regular;\\\">(Buenos Aires Poetry, 2016).<\/span><br \/><\/span><\/span><\/span><\/h1>\",\r\n      \"align\": \"top\",\r\n      \"row\": 11,\r\n      \"col\": 0,\r\n      \"colspan\": 11,\r\n      \"offsetx\": 0,\r\n      \"offsety\": 0,\r\n      \"spaceabove\": 0,\r\n      \"spacebelow\": 0,\r\n      \"yvel\": 1,\r\n      \"push\": 0,\r\n      \"relid\": 40,\r\n      \"absolute_position\": false,\r\n      \"dosync\": false\r\n    },\r\n    {\r\n      \"type\": \"text\",\r\n      \"cont\": \"<p style=\\\"text-align: right; line-height: 1;\\\"><span style=\\\"font-size: 43px; font-family: Rowan-Medium; color: #000000;\\\"><a style=\\\"color: #000000;\\\" href=\\\"#expandrow\\\" data-expand=\\\"35,33,37\\\" data-animation=\\\"400\\\" data-animationtiming=\\\"cubic-bezier(0.17,0.84,0.44,1)\\\" data-collapseotherrows=\\\"false\\\" data-scrolltoexpandedrow=\\\"false\\\" data-replacementtext=\\\"-\\\">+<\/a><\/span><\/p>\",\r\n      \"align\": \"bottom\",\r\n      \"row\": 11,\r\n      \"col\": 11,\r\n      \"colspan\": 1,\r\n      \"offsetx\": 0,\r\n      \"offsety\": 0,\r\n      \"spaceabove\": 0,\r\n      \"spacebelow\": 0,\r\n      \"yvel\": 1,\r\n      \"push\": 0,\r\n      \"relid\": 23,\r\n      \"absolute_position\": false\r\n    },\r\n    {\r\n      \"type\": \"text\",\r\n      \"cont\": \"<p><span style=\\\"color: #f9f9f9;\\\">A<\/span><\/p>\",\r\n      \"align\": \"middle\",\r\n      \"row\": 12,\r\n      \"col\": 0,\r\n      \"colspan\": 2,\r\n      \"offsetx\": 0,\r\n      \"offsety\": 0,\r\n      \"spaceabove\": 0,\r\n      \"spacebelow\": 0,\r\n      \"yvel\": 1,\r\n      \"push\": 0,\r\n      \"relid\": 39,\r\n      \"absolute_position\": false\r\n    },\r\n    {\r\n      \"type\": \"text\",\r\n      \"cont\": \"<p><span style=\\\"font-weight: 400;\\\">Endorsement<\/span><span style=\\\"font-weight: 400;\\\"> notes <\/span><span style=\\\"font-weight: 400;\\\">to the book, published by the publisher (January 2016):<\/span><\/p><p>\u00a0<\/p><p><i><span style=\\\"font-weight: 400;\\\">In Redoble del ronroneo, Tom\u00e1s Cohen debuts with an unusual mastery of alliteration. His is true lyrical poetry, and his sometimes dazzling verse is sustained with brains and emotion. Vivid imagery and resolved difficulty abound here, and invokes the best of the Neruda of Residencia en la tierra I and II. In addition, Redoble del ronroneo entertains without distraction - by no means secondary. This is an important first book.<\/span><\/i><\/p><p><span style=\\\"font-weight: 400;\\\">- <\/span><a rel=\\\"noopener\\\" href=\\\"https:\/\/es.wikipedia.org\/wiki\/Armando_Uribe\\\" target=\\\"_blank\\\"><span style=\\\"font-weight: 400;\\\">Armando Uribe<\/span><\/a><\/p><p>\u00a0<\/p><p><i><span style=\\\"font-weight: 400;\\\">It is very rare to see how a poet immersed in his tradition discovers which are the lines that have not been exhausted in it and continues them, and this is precisely what happens in Redoble del ronroneo. I have been very pleasantly impressed by the way in which Neruda is 'used' to produce a text that is installed in what seems to be an 'abandoned' tradition of poetry in Spanish and that Tom\u00e1s Cohen revitalizes very opportunely. I really enjoyed his poems, and I am happy to think that I will continue to read him for a long time to come.<\/span><\/i><\/p><p><span style=\\\"font-weight: 400;\\\">- <\/span><a rel=\\\"noopener\\\" href=\\\"http:\/\/granta.com\/contributor\/patricio-pron\/\\\" target=\\\"_blank\\\"><span style=\\\"font-weight: 400;\\\">Patricio Pron<\/span><\/a><\/p><p>\u00a0<\/p><p><i><span style=\\\"font-weight: 400;\\\">Although it may not seem so, Redoble del ronroneo is a book of love. Its passion is, however, paradoxical, since its object of desire is its own music - with rhythm in its roots. Undiminished by the echo of already consecrated voices, this debut manages to create a speech of its own and, dare I say it, unmistakable. The beauty of the difficult finds in the poetry of Tom\u00e1s Cohen one of its best examples.<\/span><\/i><\/p><p><span style=\\\"font-weight: 400;\\\">- <\/span><a rel=\\\"noopener\\\" href=\\\"http:\/\/dmll.case.edu\/faculty\/cristian-gomez-olivares\/\\\" target=\\\"_blank\\\"><span style=\\\"font-weight: 400;\\\">Cristi\u00e1n G\u00f3mez Olivares<\/span><\/a><\/p><p>\u00a0<\/p><p><span style=\\\"font-weight: 400;\\\">*<\/span><span style=\\\"font-weight: 400;\\\"><br \/><\/span><span style=\\\"font-weight: 400;\\\"><br \/><\/span><span style=\\\"font-weight: 400;\\\">Review to the publication of a selection of poems from Redoble del ronroneo translated into German in the magazine Edit Nr. 71, by Timo Brandt (in FixPoetry, German online literature magazine, 2017):<\/span><\/p><p>\u00a0<\/p><p><i><span style=\\\"font-weight: 400;\\\">Tom\u00e1s Cohen's poems (translated by Monika Rinck) make music with large and minimal objects, distinctive to the touch, to be felt with body and mind. In addition to paper and ink, one could have added the cautionary note that these texts \\\"may contain traces of interiority,\\\" which would still be too little to say, for interiority is the main constituent here, whether one realizes it at the outset or not. It is precisely through the wide variety of the poems, ranging from song to the perception of an isolated \\\"I\\\", that the central motif is the spiritual, transcending all lines of embellishment. Cohen likes to circumnavigate the idea of a poem with illuminated analogical structures; he is a very subtle poet who, at the same time, does not hesitate to redirect our walk with word choices that take us to an unexpected place. Reading his texts is a harmonious and balanced poetic experience.<\/span><\/i><span style=\\\"font-weight: 400;\\\"><br \/><\/span><span style=\\\"font-weight: 400;\\\"><br \/><\/span><span style=\\\"font-weight: 400;\\\">Read the full review here: <\/span><a rel=\\\"noopener\\\" href=\\\"https:\/\/www.fixpoetry.com\/\\\" target=\\\"_blank\\\"><span style=\\\"font-weight: 400;\\\">https:\/\/www.fixpoetry.com\/<\/span><\/a><\/p><p><span style=\\\"font-weight: 400;\\\"><br \/><\/span><span style=\\\"font-weight: 400;\\\">*<\/span><span style=\\\"font-weight: 400;\\\"><br \/><\/span><span style=\\\"font-weight: 400;\\\"><br \/><\/span><span style=\\\"font-weight: 400;\\\">Note by Greek translator Ati Solerti on the poem \\\"Andarivel (Postlude)\\\" from A Tree of Intimate Light in the literature journal Vaxikon (Greece, 2017):<\/span><span style=\\\"font-weight: 400;\\\"><br \/><\/span><span style=\\\"font-weight: 400;\\\"><br \/><\/span><i><span style=\\\"font-weight: 400;\\\">Tomas Cohen's writing knows how to listen to the extremes, the thin lines that distance and connect opposites in equilibrium on the infinite bridge of the universe. His gaze knows where to go to decipher every human beginning and end, he feels human nature and captures the signs of a common ancestry as in a ritual conversation with the God of rebirth. With sensitivity, logic and intuition, it also pushes our gaze into the depths of cyclical memories, into the blue of the horizon that separates and unites us, with the aim of liberating us. To reveal to us a new world that emerges around us, but after first expelling our former selves.<\/span><\/i><i><span style=\\\"font-weight: 400;\\\"><br \/><\/span><\/i><i><span style=\\\"font-weight: 400;\\\"><br \/><\/span><\/i><span style=\\\"font-weight: 400;\\\">Read the full note here: <\/span><a rel=\\\"noopener\\\" href=\\\"http:\/\/www.vakxikon.gr\/%25CF%2584%25CE%25BF%25CE%25BC%25CE%25AC%25CF%2582-%25CE%25BA%25CE%25BF%25CE%25AD%25CE%25BD-%25CF%2587%25CE%25B9%25CE%25BB%25CE%25AE-%25CE%25B1%25CF%2580%25CF%258C-%25CF%2584%25CE%25BF-%25CE%25AD%25CE%25BD%25CE%25B1-%25CE%25AC%25CE%25BA%25CF%2581%25CE%25BF-%25CF%2583%25CF%2584%25CE%25BF-%25CE%25AC%25CE%25BB%25CE%25BB\/\\\" target=\\\"_blank\\\"><span style=\\\"font-weight: 400;\\\">http:\/\/www.vakxikon.gr\/\u03c4\u03bf\u03bc\u03ac\u03c2-\u03ba\u03bf\u03ad\u03bd-\u03c7\u03b9\u03bb\u03ae-\u03b1\u03c0\u03cc-\u03c4\u03bf-\u03ad\u03bd\u03b1-\u03ac\u03ba\u03c1\u03bf-\u03c3\u03c4\u03bf-\u03ac\u03bb\u03bb\/\u03c4\u03bf\u03bc\u03ac\u03c2-\u03ba\u03bf\u03ad\u03bd-\u03c7\u03b9\u03bb\u03ae-\u03b1\u03c0\u03cc-\u03c4\u03bf-\u03ad\u03bd\u03b1-\u03ac\u03ba\u03c1\u03bf-\u03c3\u03c4\u03bf-\u03ac\u03bb\u03bb\/<\/span><\/a><\/p><p>\u00a0<\/p><p><i><span style=\\\"font-weight: 400;\\\">*<\/span><\/i><\/p><p>\u00a0<\/p><p><span style=\\\"font-weight: 400;\\\">Jan Kuhlbrodt on the publication of a selection of poems from Redoble del ronroneo translated into German and published in the German magazine Edit (Nr. 71, Winter 2016\/17):<\/span><\/p><p>\u00a0<\/p><p><i><span style=\\\"font-weight: 400;\\\">Chilean poetry is world poetry. And it probably always has been, from the beginning, even when the Spanish conquistadors met the Indians; when wars, trade and languages intermingled. It is world poetry not in the sense that the poems of Chilean poets gush out of European literature manuals, but rather because it is nourished by contact with the world. And it is perhaps here that we find the link. From the poetry of Gabriela Mistral, as earthy as the potter's clay she describes, to the cosmopolitan texts of Pablo Neruda. Again and again he finds himself in the balance between popular poetry and the avant-garde. This opens up spaces for him in both geography and time. <\/span><\/i><i><span style=\\\"font-weight: 400;\\\"><br \/><\/span><\/i><i><span style=\\\"font-weight: 400;\\\">The texts by Tom\u00e1s Cohen presented here in Monika Rinck's congenial translation are a wonderful example. They make use of traditional and experimental material. We meet the puma, the sand and the shepherd. Archaic motifs that, stripped of their past, become fully present: \\\"hoists torches against cavernous frescoes \/ and pecks flaming bush levels\\\".<\/span><\/i><i><span style=\\\"font-weight: 400;\\\"><br \/><\/span><\/i><i><span style=\\\"font-weight: 400;\\\"><br \/><\/span><\/i><span style=\\\"font-weight: 400;\\\">Read the full review here: <\/span><a rel=\\\"noopener\\\" href=\\\"https:\/\/www.editonline.de\/shop\/\\\" target=\\\"_blank\\\"><span style=\\\"font-weight: 400;\\\">https:\/\/www.editonline.de\/shop\/<\/span><\/a><\/p>\",\r\n      \"align\": \"top\",\r\n      \"row\": 13,\r\n      \"col\": 0,\r\n      \"colspan\": 12,\r\n      \"offsetx\": 0,\r\n      \"offsety\": 0,\r\n      \"spaceabove\": 0,\r\n      \"spacebelow\": 0,\r\n      \"yvel\": 1,\r\n      \"push\": 0,\r\n      \"relid\": 34,\r\n      \"absolute_position\": false,\r\n      \"frameOverflow\": \"\"\r\n    },\r\n    {\r\n      \"type\": \"text\",\r\n      \"cont\": \"<h1 class=\\\"_H1\\\">Interviews<\/h1>\",\r\n      \"align\": \"bottom\",\r\n      \"row\": 14,\r\n      \"col\": 0,\r\n      \"colspan\": 11,\r\n      \"offsetx\": 0,\r\n      \"offsety\": 0,\r\n      \"spaceabove\": 0,\r\n      \"spacebelow\": 0,\r\n      \"yvel\": 1,\r\n      \"push\": 0,\r\n      \"relid\": 16,\r\n      \"absolute_position\": false\r\n    },\r\n    {\r\n      \"type\": \"text\",\r\n      \"cont\": \"<p style=\\\"text-align: right; line-height: 1;\\\"><span style=\\\"font-size: 43px; font-family: Rowan-Medium; color: #000000;\\\"><a style=\\\"color: #000000;\\\" href=\\\"#expandrow\\\" data-expand=\\\"44,47\\\" data-animation=\\\"400\\\" data-animationtiming=\\\"cubic-bezier(0.17,0.84,0.44,1)\\\" data-collapseotherrows=\\\"false\\\" data-scrolltoexpandedrow=\\\"false\\\" data-replacementtext=\\\"-\\\">+<\/a><\/span><\/p>\",\r\n      \"align\": \"bottom\",\r\n      \"row\": 14,\r\n      \"col\": 11,\r\n      \"colspan\": 1,\r\n      \"offsetx\": 0,\r\n      \"offsety\": 0,\r\n      \"spaceabove\": 0,\r\n      \"spacebelow\": 0,\r\n      \"yvel\": 1,\r\n      \"push\": 0,\r\n      \"relid\": 27,\r\n      \"absolute_position\": false\r\n    },\r\n    {\r\n      \"type\": \"text\",\r\n      \"cont\": \"<p><span style=\\\"color: #f9f9f9;\\\">A<\/span><\/p>\",\r\n      \"align\": \"middle\",\r\n      \"row\": 15,\r\n      \"col\": 0,\r\n      \"colspan\": 2,\r\n      \"offsetx\": 0,\r\n      \"offsety\": 0,\r\n      \"spaceabove\": 0,\r\n      \"spacebelow\": 0,\r\n      \"yvel\": 1,\r\n      \"push\": 0,\r\n      \"relid\": 45,\r\n      \"absolute_position\": false\r\n    },\r\n    {\r\n      \"type\": \"text\",\r\n      \"cont\": \"<p><span style=\\\"font-weight: 400;\\\">Interview on Radio Cosmo, WDR, Berlin (Berlin, February 2020):<\/span><\/p><p>\u00a0<\/p><p><span style=\\\"font-weight: 400;\\\">The program \\\"Estaci\u00f3n Sur\\\" of Radio Cosmo, a Spanish-American radio station in Berlin, interviewed me in the context of the first presentation of my second book in Germany. I thank the team of Estaci\u00f3n Sur, in particular Rub\u00e9n G\u00f3mez del Barrio for his interest in my poetry. The interview includes a reading of some of my poems.<\/span><\/p><p><span style=\\\"font-weight: 400;\\\"><br \/><\/span><span style=\\\"font-weight: 400;\\\">Listen to the full interview here: <\/span><a rel=\\\"noopener\\\" href=\\\"https:\/\/www1.wdr.de\/radio\/cosmo\/programm\/sendungen\/estacionsur\/cultura\/-wdr-cosmo-estacion-sur-poemas-tomas-cohen-arbol-102.html\\\" target=\\\"_blank\\\"><span style=\\\"font-weight: 400;\\\">https:\/\/www1.wdr.de\/radio\/cosmo\/programm\/sendungen\/estacionsur\/cultura\/-wdr-cosmo-estacion-sur-poemas-tomas-cohen-arbol-102.html<\/span><\/a><\/p><p><span style=\\\"font-weight: 400;\\\"><br \/><\/span><span style=\\\"font-weight: 400;\\\">*<\/span><\/p><p>\u00a0<\/p><p><span style=\\\"font-weight: 400;\\\">Interview in B\u00edo B\u00edo TV (Chile, January 8, 2020):<\/span><\/p><p>\u00a0<\/p><p><span style=\\\"font-weight: 400;\\\">Many thanks to Ana Josefa Silva and Marco Antonio de la Parra, both journalists, writers and excellent readers, for this interview for B\u00edo B\u00edo TV about my book 'Un \u00e1rbol de luz \u00edntima'.<\/span><span style=\\\"font-weight: 400;\\\"><br \/><\/span><span style=\\\"font-weight: 400;\\\"><br \/><\/span><span style=\\\"font-weight: 400;\\\">See the full interview here: <\/span><a rel=\\\"noopener\\\" href=\\\"https:\/\/www.biobiochile.cl\/biobiotv\/programas\/del-fin-del-mundo\/2020\/01\/08\/tomas-cohen-y-un-arbol-de-luz-intima-de-pelluhue-a-katmandu-y-hamburgo.shtml\\\" target=\\\"_blank\\\"><span style=\\\"font-weight: 400;\\\">https:\/\/www.biobiochile.cl\/biobiotv\/programas\/del-fin-del-mundo\/2020\/01\/08\/tomas-cohen-y-un-arbol-de-luz-intima-de-pelluhue-a-katmandu-y-hamburgo.shtml<\/span><\/a><\/p><p>\u00a0<\/p><p><span style=\\\"font-weight: 400;\\\">*<\/span><span style=\\\"font-weight: 400;\\\"><br \/><\/span><span style=\\\"font-weight: 400;\\\"><br \/><\/span><span style=\\\"font-weight: 400;\\\">Interview in the J\u00fcdische Algemeine Zeitung (Berlin, January 3, 2020):<\/span><\/p><p>\u00a0<\/p><p><span style=\\\"font-weight: 400;\\\">Gerhard Haase-Hindenberg, actor, writer and brilliant conversationalist interviewed me for his series of portraits of relevant Jews in the German cultural scene.<\/span><span style=\\\"font-weight: 400;\\\"><br \/><\/span><span style=\\\"font-weight: 400;\\\"><br \/><\/span><span style=\\\"font-weight: 400;\\\">Read the full interview here: <\/span><a rel=\\\"noopener\\\" href=\\\"https:\/\/www.juedische-allgemeine.de\/unsere-woche\/herr-der-woerter\/\\\" target=\\\"_blank\\\"><span style=\\\"font-weight: 400;\\\">https:\/\/www.juedische-allgemeine.de\/unsere-woche\/herr-der-woerter\/<\/span><span style=\\\"font-weight: 400;\\\"><br \/><\/span><span style=\\\"font-weight: 400;\\\"><br \/><\/span><\/a><span style=\\\"font-weight: 400;\\\">*<\/span><span style=\\\"font-weight: 400;\\\"><br \/><\/span><span style=\\\"font-weight: 400;\\\"><br \/><\/span><span style=\\\"font-weight: 400;\\\">Interview in the magazine <\/span><a rel=\\\"noopener\\\" href=\\\"http:\/\/tendaysaweek.de\/\\\" target=\\\"_blank\\\"><span style=\\\"font-weight: 400;\\\">Ten Days A Week<\/span><\/a><span style=\\\"font-weight: 400;\\\"> (Hamburg, June 10, 2019):<\/span><\/p><p>\u00a0<\/p><p><span style=\\\"font-weight: 400;\\\">Cris Sebiger-Bertram, founder and writer of independent journalism website <\/span><a rel=\\\"noopener\\\" href=\\\"https:\/\/tendaysaweek.de\\\" target=\\\"_blank\\\"><span style=\\\"font-weight: 400;\\\">Tendaysaweek<\/span><\/a><span style=\\\"font-weight: 400;\\\"> asked me in German and I answered in English. In this interview I share reflections on my poetics and tell the story behind the international reading series Hafen Lesung, which I co-founded in Hamburg. Tendaysaweek also published one of my poems (\\\"What I gave is the only thing I keep\\\") in its German translation by Monika Rinck. As a creative collaborator of the interview, Christoph Hoemann made <\/span><a rel=\\\"noopener\\\" href=\\\"https:\/\/vimeo.com\/339059110\\\" target=\\\"_blank\\\"><span style=\\\"font-weight: 400;\\\">a\u00a0 v\u00edvideo portrait<\/span><\/a><span style=\\\"font-weight: 400;\\\"> which includes a recording of my voice reading that poem.<\/span><span style=\\\"font-weight: 400;\\\"><br \/><\/span><span style=\\\"font-weight: 400;\\\"><br \/><\/span><span style=\\\"font-weight: 400;\\\">Read the full interview here: <\/span><a rel=\\\"noopener\\\" href=\\\"http:\/\/tendaysaweek.de\/little-art-affair\/tomas-cohen\/\\\" target=\\\"_blank\\\"><span style=\\\"font-weight: 400;\\\">http:\/\/tendaysaweek.de\/little-art-affair\/tomas-cohen\/<\/span><\/a><\/p><p>\u00a0<\/p><p><span style=\\\"font-weight: 400;\\\">*<\/span><span style=\\\"font-weight: 400;\\\"><br \/><\/span><span style=\\\"font-weight: 400;\\\"><br \/><\/span><span style=\\\"font-weight: 400;\\\">Interview for the Consulate of Chile in Hamburg (Chile-Germany, April 29, 2019):<\/span><\/p><p>\u00a0<\/p><p><span style=\\\"font-weight: 400;\\\">Grateful to Piera Ignacia Sanchez and Erwan Varas from the Chilean Consulate in Hamburg for this interview in which I answer myself about what took me to Nepal and what I ended up doing in Germany. <\/span><span style=\\\"font-weight: 400;\\\">The photo is <\/span><span style=\\\"font-weight: 400;\\\">by <\/span><a rel=\\\"noopener\\\" href=\\\"http:\/\/www.heikeblenk-photographer.com\\\" target=\\\"_blank\\\"><span style=\\\"font-weight: 400;\\\">Heike Blenk<\/span><\/a><a target=\\\"_blank\\\"><span style=\\\"font-weight: 400;\\\">.<\/span><\/a><span style=\\\"font-weight: 400;\\\"><br \/><\/span><span style=\\\"font-weight: 400;\\\"><br \/><\/span><span style=\\\"font-weight: 400;\\\">Read the full interview here: <\/span><a rel=\\\"noopener\\\" href=\\\"https:\/\/chile.gob.cl\/hamburgo\/noticias\/entrevista-tomas-cohen-su-viaje-a-traves-de-la-literatura\\\" target=\\\"_blank\\\"><span style=\\\"font-weight: 400;\\\">https:\/\/chile.gob.cl\/hamburgo\/noticias\/entrevista-tomas-cohen-su-viaje-a-traves-de-la-literatura<\/span><span style=\\\"font-weight: 400;\\\"><br \/><\/span><span style=\\\"font-weight: 400;\\\"><br \/><\/span><\/a><span style=\\\"font-weight: 400;\\\">*<\/span><\/p><p>\u00a0<\/p><p><span style=\\\"font-weight: 400;\\\">Interview in Crevice (May 23, 2017, Romania)<\/span><span style=\\\"font-weight: 400;\\\">: how does visual art relate to your poetry? What is the impact of music on your writing? I answered Andra Rotaru these and other good questions for CREVICE, Romanian magazine for literature and multimedia. Included in the publication of the interview are images of some of my manuscripts and also a commentary on the principles behind the Found in Translation writer's collective and the Hafen Lesung reading series I co-direct in Hamburg.<\/span><span style=\\\"font-weight: 400;\\\"><br \/><\/span><span style=\\\"font-weight: 400;\\\"><br \/><\/span><span style=\\\"font-weight: 400;\\\">Read the full interview here: <\/span><a rel=\\\"noopener\\\" href=\\\"https:\/\/crevice.ro\/a-sense-of-perplexity-a-passion-for-freedom\/\\\" target=\\\"_blank\\\"><span style=\\\"font-weight: 400;\\\">https:\/\/crevice.ro\/a-sense-of-perplexity-a-passion-for-freedom\/<\/span><\/a><\/p><p>\u00a0<\/p><p><span style=\\\"font-weight: 400;\\\">*<\/span><span style=\\\"font-weight: 400;\\\"><br \/><\/span><span style=\\\"font-weight: 400;\\\"><br \/><\/span><span style=\\\"font-weight: 400;\\\">Interview in Sivuvaalo (<\/span><span style=\\\"font-weight: 400;\\\">Finland, May 16, 2016):<\/span><\/p><p>\u00a0<\/p><p><span style=\\\"font-weight: 400;\\\">\\\"Multilingual literature invites us to an \\\"art of suspicion\\\" in which the act of reading is made less certain. It makes us aware of a multiplicity of perspectives of the world through the coexistence of different languages. It empowers us with mind-opening doubts.\\\" I shared these and other reflections in a video interview with Peruvian writer Roxana Crix\u00f3logo, from the international writers' collective Sivuvalo in Helsinki, Finland.<\/span><\/p><p><span style=\\\"font-weight: 400;\\\"><br \/><\/span><span style=\\\"font-weight: 400;\\\">See the full interview here: <\/span><a rel=\\\"noopener\\\" href=\\\"https:\/\/www.youtube.com\/embed\/C1_a5Lk-3pE\\\" target=\\\"_blank\\\"><span style=\\\"font-weight: 400;\\\">https:\/\/www.youtube.com\/embed\/C1_a5Lk-3pE<\/span><\/a><\/p><p><span style=\\\"font-weight: 400;\\\"><br \/><\/span><span style=\\\"font-weight: 400;\\\">*<\/span><\/p><p>\u00a0<\/p><p><span style=\\\"font-weight: 400;\\\">Interviewed by Marina Lopez Riudoms (Sweden, February 1, 2016):<\/span><span style=\\\"font-weight: 400;\\\"><br \/><br \/><\/span><\/p><p><span style=\\\"font-weight: 400;\\\">I share this interview of Marina Lopez Riudoms, a Spanish academic based in Sweden, for her blog Perdida entre Culturas, in which I answer about my book \\\"Redoble del ronroneo, my literary activism in Hamburg and my work at <\/span><a rel=\\\"noopener\\\" href=\\\"http:\/\/www.asymptotejournal.com\\\" target=\\\"_blank\\\"><span style=\\\"font-weight: 400;\\\">AsymptotAsymptote<\/span><\/a><span style=\\\"font-weight: 400;\\\"><a target=\\\"_blank\\\">.<\/a> Photo by Vika Yarmilko.<\/span><span style=\\\"font-weight: 400;\\\"><br \/><\/span><span style=\\\"font-weight: 400;\\\"><br \/><\/span><span style=\\\"font-weight: 400;\\\">Read the full interview here: <\/span><a rel=\\\"noopener\\\" href=\\\"http:\/\/www.perdidaentreculturas.com\/tomas-cohen-fundador-de-las-lecturas-puerto-de-hamburgo\/\\\" target=\\\"_blank\\\"><span style=\\\"font-weight: 400;\\\">http:\/\/www.perdidaentreculturas.com\/tomas-cohen-fundador-de-las-lecturas-puerto-de-hamburgo\/<\/span><span style=\\\"font-weight: 400;\\\"><br \/><\/span><span style=\\\"font-weight: 400;\\\"><br \/><\/span><\/a><span style=\\\"font-weight: 400;\\\">*<\/span><\/p><p>\u00a0<\/p><p><span style=\\\"font-weight: 400;\\\">Interviewed by Raquel Abend (New York, October 19, 2014):<\/span><span style=\\\"font-weight: 400;\\\"><br \/><br \/><\/span><\/p><p><span style=\\\"font-weight: 400;\\\">I link to \\\"La distancia con la lengua materna allega dones al poeta\\\", an interview with Raquel Aben Van Dalen, a Venezuelan writer based in New York, for Expedientes Magenta, her series of interviews with Latin American writers. The photo is by <\/span><a rel=\\\"noopener\\\" href=\\\"http:\/\/monikasala.tumblr.com\\\" target=\\\"_blank\\\"><span style=\\\"font-weight: 400;\\\">Monika Sala<\/span><\/a><span style=\\\"font-weight: 400;\\\">.<\/span><span style=\\\"font-weight: 400;\\\"><br \/><\/span><span style=\\\"font-weight: 400;\\\"><br \/><\/span><span style=\\\"font-weight: 400;\\\">Read the full interview here: <\/span><a rel=\\\"noopener\\\" href=\\\"http:\/\/raquelabendvandalen.com\/2014\/10\/19\/la-distancia-con-la-lengua-materna\/\\\" target=\\\"_blank\\\"><span style=\\\"font-weight: 400;\\\">http:\/\/raquelabendvandalen.com\/2014\/10\/19\/la-distancia-con-la-lengua-materna\/<\/span><\/a><\/p>\",\r\n      \"align\": \"top\",\r\n      \"row\": 16,\r\n      \"col\": 0,\r\n      \"colspan\": 12,\r\n      \"offsetx\": 0,\r\n      \"offsety\": 0,\r\n      \"spaceabove\": 0,\r\n      \"spacebelow\": 0,\r\n      \"yvel\": 1,\r\n      \"push\": 0,\r\n      \"relid\": 48,\r\n      \"absolute_position\": false,\r\n      \"frameOverflow\": \"\"\r\n    }\r\n  ]\r\n}","_links":{"self":[{"href":"https:\/\/www.tomascohen.info\/en\/wp-json\/wp\/v2\/pages\/129","targetHints":{"allow":["GET"]}}],"collection":[{"href":"https:\/\/www.tomascohen.info\/en\/wp-json\/wp\/v2\/pages"}],"about":[{"href":"https:\/\/www.tomascohen.info\/en\/wp-json\/wp\/v2\/types\/page"}],"author":[{"embeddable":true,"href":"https:\/\/www.tomascohen.info\/en\/wp-json\/wp\/v2\/users\/1"}],"replies":[{"embeddable":true,"href":"https:\/\/www.tomascohen.info\/en\/wp-json\/wp\/v2\/comments?post=129"}],"version-history":[{"count":0,"href":"https:\/\/www.tomascohen.info\/en\/wp-json\/wp\/v2\/pages\/129\/revisions"}],"wp:attachment":[{"href":"https:\/\/www.tomascohen.info\/en\/wp-json\/wp\/v2\/media?parent=129"}],"curies":[{"name":"wp","href":"https:\/\/api.w.org\/{rel}","templated":true}]}}